{"id":33911,"date":"2015-08-18T22:09:42","date_gmt":"2015-08-18T22:09:42","guid":{"rendered":"http:\/\/homolog.saopaulo.sp.leg.br\/apartes-anteriores\/?page_id=33911"},"modified":"2021-10-06T14:15:25","modified_gmt":"2021-10-06T17:15:25","slug":"aguas-turbulentas","status":"publish","type":"page","link":"https:\/\/homolog.saopaulo.sp.leg.br\/apartes-anteriores\/revista-apartes\/numero-15\/aguas-turbulentas\/","title":{"rendered":"N\u00ba15 \u2013 CPI"},"content":{"rendered":"<h1 class=\"p1\"><span style=\"color: #800000\"><b>\u00c1guas turbulentas<\/b><\/span><\/h1>\n<h2 class=\"p1\">Comiss\u00e3o parlamentar encerra trabalhos e prop\u00f5e criar ag\u00eancia municipal para fiscalizar contrato com a Sabesp<\/h2>\n<p class=\"p1\"><b>Rodrigo Garcia<\/b> | rodrigogarcia@saopaulo.sp.leg.br<\/p>\n<div style=\"width: 100%;margin-right: 1.5em;margin-bottom: 1.5em\">\n<div style=\"padding: 5px;background-color: #eee !important\">\n<p><a href=\"http:\/\/homolog.saopaulo.sp.leg.br\/apartes-anteriores\/wp-content\/uploads\/sites\/9\/2015\/08\/apartes_N15_40.jpg\"><img loading=\"lazy\" decoding=\"async\" class=\"alignnone size-large wp-image-33875\" src=\"http:\/\/homolog.saopaulo.sp.leg.br\/apartes-anteriores\/wp-content\/uploads\/sites\/9\/2015\/08\/apartes_N15_40-1024x654.jpg\" alt=\"apartes_N15_40\" width=\"640\" height=\"409\" srcset=\"https:\/\/homolog.saopaulo.sp.leg.br\/apartes-anteriores\/wp-content\/uploads\/sites\/9\/2015\/08\/apartes_N15_40-1024x654.jpg 1024w, https:\/\/homolog.saopaulo.sp.leg.br\/apartes-anteriores\/wp-content\/uploads\/sites\/9\/2015\/08\/apartes_N15_40-300x191.jpg 300w, https:\/\/homolog.saopaulo.sp.leg.br\/apartes-anteriores\/wp-content\/uploads\/sites\/9\/2015\/08\/apartes_N15_40.jpg 1924w\" sizes=\"auto, (max-width: 640px) 100vw, 640px\" \/><\/a><\/p>\n<p style=\"font-size: 0.8em;line-height: 1.1em;text-align: center;margin: -1.5em 0px 7px 0px;color: #333;!important;background-color: transparent !important\" align=\"center\">ABASTECIMENTO &#8211; Moradores do Jardim Vera Cruz, sem \u00e1gua h\u00e1 oito dias, esfor\u00e7am-se para conseguir encher os gal\u00f5es<\/p>\n<\/div>\n<p style=\"font-size: 0.5em;line-height: 1.1em;text-align: right;margin: 4px 0px 7px 0px;background-color: transparent !important\">Mozart Gomes\/CMSP<\/p>\n<\/div>\n<p class=\"p1\">\u201cNo resto da cidade \u00e9 proibido lavar a cal\u00e7ada com \u00e1gua da Sabesp, mas aqui a \u00e1gua da Sabesp lava \u00e9 a rua mesmo\u201d, brinca queixando (ou queixa brincando) o presidente do Clube Comunidade Jardim Vera Cruz, J\u00falio Fonseca, enquanto mostra os furos nas mangueiras que servem de canos improvisados para levar, irregularmente, \u00e1gua tratada pela Companhia de Saneamento B\u00e1sico do Estado de S\u00e3o Paulo (Sabesp) at\u00e9 a casa dos moradores do local onde vive, o Jardim Vera Cruz.<\/p>\n<div style=\"float: left;width: 410px;margin-right: 1.5em;margin-bottom: 1.5em\">\n<div style=\"float: left;padding: 5px;background-color: #eee !important\">\n<p><a href=\"http:\/\/homolog.saopaulo.sp.leg.br\/apartes-anteriores\/wp-content\/uploads\/sites\/9\/2015\/08\/apartes_N15_43.jpg\"><img loading=\"lazy\" decoding=\"async\" class=\"alignnone wp-image-33878\" src=\"http:\/\/homolog.saopaulo.sp.leg.br\/apartes-anteriores\/wp-content\/uploads\/sites\/9\/2015\/08\/apartes_N15_43-1024x752.jpg\" alt=\"apartes_N15_43\" width=\"400\" height=\"294\" srcset=\"https:\/\/homolog.saopaulo.sp.leg.br\/apartes-anteriores\/wp-content\/uploads\/sites\/9\/2015\/08\/apartes_N15_43-1024x752.jpg 1024w, https:\/\/homolog.saopaulo.sp.leg.br\/apartes-anteriores\/wp-content\/uploads\/sites\/9\/2015\/08\/apartes_N15_43-300x220.jpg 300w, https:\/\/homolog.saopaulo.sp.leg.br\/apartes-anteriores\/wp-content\/uploads\/sites\/9\/2015\/08\/apartes_N15_43.jpg 1123w\" sizes=\"auto, (max-width: 400px) 100vw, 400px\" \/><\/a><\/p>\n<p style=\"font-size: 0.8em;line-height: 1.1em;text-align: center;margin: -1.5em 0px 7px 0px;color: #333;!important;background-color: transparent !important\" align=\"center\">PROPOSTA &#8211; \u201cRegularizar o fornecimento \u00e9 a solu\u00e7\u00e3o\u201d, diz o l\u00edder comunit\u00e1rio J\u00falio Fonseca<\/p>\n<\/div>\n<p style=\"font-size: 0.5em;line-height: 1.1em;text-align: right;margin: 4px 0px 7px 0px;background-color: transparent !important\">Mozart Gomes\/CMSP<\/p>\n<\/div>\n<p class=\"p3\">Naquele bairro da zona sul da cidade, a Sabesp levou encanamento at\u00e9 a Estrada do M\u2019Boi Mirim e construiu os cavaletes (tubos e conex\u00f5es destinados \u00e0 instala\u00e7\u00e3o de hidr\u00f4metro nas casas), mas n\u00e3o fez as liga\u00e7\u00f5es finais. E mesmo assim envia a conta com a taxa de \u00e1gua e esgoto. Para solucionar o problema, os moradores criaram a pr\u00f3pria rede, pela qual a \u00e1gua \u00e9 levada por meio de bombas e de canos improvisados espalhados pelas ruas e at\u00e9 no alto de postes. A rede, irregular, \u00e9 chamada de \u00e1gua-net, ou gato-net. J\u00e1 houve solicita\u00e7\u00e3o para que o encanamento seja regularizado, ainda n\u00e3o atendida pela companhia.<\/p>\n<p class=\"p3\">\u201cRegulamentar \u00e9 a solu\u00e7\u00e3o\u201d, acredita Fonseca. A entrevista \u00e9 interrompida pela enfermeira Severina Barbosa, que tamb\u00e9m \u00e9 dona de uma quitanda na regi\u00e3o. Ela diz que \u201cn\u00e3o gosta de gatos e de nada clandestino\u201d, referindo-se \u00e0 rede de mangueiras. \u201cFui at\u00e9 a Sabesp tentar resolver a situa\u00e7\u00e3o, mas n\u00e3o consegui\u201d, reclama.<\/p>\n<div style=\"float: left;width: 410px;margin-right: 1.5em;margin-bottom: 1.5em\">\n<div style=\"float: left;padding: 5px;background-color: #eee !important\">\n<p><a href=\"http:\/\/homolog.saopaulo.sp.leg.br\/apartes-anteriores\/wp-content\/uploads\/sites\/9\/2015\/08\/apartes_N15_41.jpg\"><img loading=\"lazy\" decoding=\"async\" class=\"alignnone wp-image-33876\" src=\"http:\/\/homolog.saopaulo.sp.leg.br\/apartes-anteriores\/wp-content\/uploads\/sites\/9\/2015\/08\/apartes_N15_41-1024x692.jpg\" alt=\"apartes_N15_41\" width=\"400\" height=\"270\" srcset=\"https:\/\/homolog.saopaulo.sp.leg.br\/apartes-anteriores\/wp-content\/uploads\/sites\/9\/2015\/08\/apartes_N15_41-1024x692.jpg 1024w, https:\/\/homolog.saopaulo.sp.leg.br\/apartes-anteriores\/wp-content\/uploads\/sites\/9\/2015\/08\/apartes_N15_41-300x203.jpg 300w, https:\/\/homolog.saopaulo.sp.leg.br\/apartes-anteriores\/wp-content\/uploads\/sites\/9\/2015\/08\/apartes_N15_41.jpg 1186w\" sizes=\"auto, (max-width: 400px) 100vw, 400px\" \/><\/a><\/p>\n<p style=\"font-size: 0.8em;line-height: 1.1em;text-align: center;margin: -1.5em 0px 7px 0px;color: #333;!important;background-color: transparent !important\" align=\"center\">\u00c1GUA-NET &#8211; Liga\u00e7\u00f5es ilegais de \u00e1gua (mangueiras azuis), no alto dos postes, abastecem o Jardim Vera Cruz<\/p>\n<\/div>\n<p style=\"font-size: 0.5em;line-height: 1.1em;text-align: right;margin: 4px 0px 7px 0px;background-color: transparent !important\">Mozart Gomes\/CMSP<\/p>\n<\/div>\n<p class=\"p3\">Em nota \u00e0 <b>Apartes<\/b>, a Sabesp informou que um projeto para a implanta\u00e7\u00e3o de redes de \u00e1gua e esgoto j\u00e1 foi aprovado. Mas, ressalta, a responsabilidade pela execu\u00e7\u00e3o das obras \u00e9 da Prefeitura, pois se trata de \u00e1rea a ser urbanizada pelo Programa Mananciais. Por sua vez, a Secretaria Municipal de Habita\u00e7\u00e3o diz que as obras j\u00e1 foram iniciadas.<\/p>\n<p class=\"p3\">A \u00e1gua-net do Jardim Vera Cruz foi um dos problemas analisados pela C\u00e2mara Municipal de S\u00e3o Paulo (CMSP) na Comiss\u00e3o Parlamentar de Inqu\u00e9rito (CPI) da Sabesp, criada para averiguar os contratos firmados entre a companhia e a Prefeitura Municipal de S\u00e3o Paulo.<\/p>\n<div style=\"float: left;width: 230px;margin-right: 1.5em;margin-bottom: 1.5em\">\n<div style=\"float: left;padding: 5px;background-color: #eee !important\">\n<p><a href=\"http:\/\/homolog.saopaulo.sp.leg.br\/apartes-anteriores\/wp-content\/uploads\/sites\/9\/2015\/08\/apartes_N15_46.jpg\"><img loading=\"lazy\" decoding=\"async\" class=\"alignnone wp-image-33881\" src=\"http:\/\/homolog.saopaulo.sp.leg.br\/apartes-anteriores\/wp-content\/uploads\/sites\/9\/2015\/08\/apartes_N15_46.jpg\" alt=\"apartes_N15_46\" width=\"220\" height=\"292\" srcset=\"https:\/\/homolog.saopaulo.sp.leg.br\/apartes-anteriores\/wp-content\/uploads\/sites\/9\/2015\/08\/apartes_N15_46.jpg 438w, https:\/\/homolog.saopaulo.sp.leg.br\/apartes-anteriores\/wp-content\/uploads\/sites\/9\/2015\/08\/apartes_N15_46-226x300.jpg 226w\" sizes=\"auto, (max-width: 220px) 100vw, 220px\" \/><\/a><\/p>\n<p style=\"font-size: 0.8em;line-height: 1.1em;text-align: center;margin: -1.5em 0px 7px 0px;color: #333;!important;background-color: transparent !important\" align=\"center\">PROTESTO &#8211; Benko critica a Sabesp por \u201cbrincar com a \u00e1gua\u201d<\/p>\n<\/div>\n<p style=\"font-size: 0.5em;line-height: 1.1em;text-align: right;margin: 4px 0px 7px 0px;background-color: transparent !important\">Ricardo Rocha\/CMSP<\/p>\n<\/div>\n<p class=\"p3\">Durante nove meses, a CPI realizou mais de 60 sess\u00f5es, seis audi\u00eancias p\u00fablicas nos bairros, duas dilig\u00eancias (no Jardim Vera Cruz e na Vila Nova Celino) e ouviu 32 depoimentos de autoridades, como promotores, especialistas em recursos h\u00eddricos e representantes da sociedade. Entre elas estavam o presidente da Ag\u00eancia Nacional de \u00c1guas (ANA), Vicente Andreu, o secret\u00e1rio estadual de Saneamento e Recursos H\u00eddricos, Mauro Arce, a ex-presidente da Sabesp Dilma Pena (quando ainda estava no comando da Sabesp) e seu sucessor, Jerson Kelman.<\/p>\n<p class=\"p3\">Tanto Dilma quanto Kelman compareceram duas vezes \u00e0 CPI. Em sua \u00faltima participa\u00e7\u00e3o, ocorrida em 13 de maio, o atual presidente da companhia garantiu que n\u00e3o haver\u00e1 rod\u00edzio d\u2019\u00e1gua este ano na cidade. \u201cN\u00e3o h\u00e1 previs\u00e3o de rod\u00edzio neste ano porque temos uma condi\u00e7\u00e3o que nos permite diminuir a retirada de \u00e1gua da Cantareira e a possibilidade de abastecer regi\u00f5es, atendidas por ela, com outros sistemas produtores\u201d, explicou Kelman.<\/p>\n<p class=\"p1\"><span class=\"s1\"><b>MEDIDAS<\/b><\/span><\/p>\n<p class=\"p3\">Em 10 de junho, a CPI da Sabesp aprovou seu relat\u00f3rio final, em que responsabiliza a empresa pela falta de \u00e1gua em S\u00e3o Paulo, recomenda mudan\u00e7as na rela\u00e7\u00e3o entre a Prefeitura e a companhia e sugere que a cidade tenha uma autoridade reguladora e fiscalizadora municipal, para monitorar a pol\u00edtica de \u00e1gua.<\/p>\n<div style=\"float: left;width: 410px;margin-right: 1.5em;margin-bottom: 1.5em\">\n<div style=\"float: left;padding: 5px;background-color: #eee !important\">\n<p><a href=\"http:\/\/homolog.saopaulo.sp.leg.br\/apartes-anteriores\/wp-content\/uploads\/sites\/9\/2015\/08\/apartes_N15_42.jpg\"><img loading=\"lazy\" decoding=\"async\" class=\"alignnone wp-image-33877\" src=\"http:\/\/homolog.saopaulo.sp.leg.br\/apartes-anteriores\/wp-content\/uploads\/sites\/9\/2015\/08\/apartes_N15_42-1024x665.jpg\" alt=\"apartes_N15_42\" width=\"400\" height=\"260\" srcset=\"https:\/\/homolog.saopaulo.sp.leg.br\/apartes-anteriores\/wp-content\/uploads\/sites\/9\/2015\/08\/apartes_N15_42-1024x665.jpg 1024w, https:\/\/homolog.saopaulo.sp.leg.br\/apartes-anteriores\/wp-content\/uploads\/sites\/9\/2015\/08\/apartes_N15_42-300x195.jpg 300w, https:\/\/homolog.saopaulo.sp.leg.br\/apartes-anteriores\/wp-content\/uploads\/sites\/9\/2015\/08\/apartes_N15_42.jpg 1067w\" sizes=\"auto, (max-width: 400px) 100vw, 400px\" \/><\/a><\/p>\n<p style=\"font-size: 0.8em;line-height: 1.1em;text-align: center;margin: -1.5em 0px 7px 0px;color: #333;!important;background-color: transparent !important\" align=\"center\">DEFESA &#8211; Seca no Jaguari, que abastece a Cantareira: Sabesp diz que estiagem foi evento \u201cextremamente raro\u201d<\/p>\n<\/div>\n<p style=\"font-size: 0.5em;line-height: 1.1em;text-align: right;margin: 4px 0px 7px 0px;background-color: transparent !important\">Luiz Augusto Daidone\/Prefeitura de Vargem<\/p>\n<\/div>\n<p class=\"p3\">Segundo o texto, a empresa de saneamento n\u00e3o fez o planejamento devido diante da crise de \u00e1gua na cidade e nem se preparou para ameniz\u00e1-la. \u201cCom a escassez da \u00e1gua, tornou-se evidente a falta de planejamento da Sabesp que, mesmo diante de seguidos alertas do risco de redu\u00e7\u00e3o do estoque do sistema, n\u00e3o tomou medidas a tempo de evitar a situa\u00e7\u00e3o atual, em que a popula\u00e7\u00e3o se v\u00ea obrigada a consumir \u00e1gua do fundo da represa e n\u00e3o sabe at\u00e9 quando contar\u00e1 com o abastecimento regular\u201d, aponta o relat\u00f3rio.<\/p>\n<p class=\"p3\">Os membros da Comiss\u00e3o questionaram o papel da Ag\u00eancia Reguladora de Saneamento e Energia do Estado de S\u00e3o Paulo (Arsesp), que \u00e9 estadual e pode, segundo os vereadores, ter sua independ\u00eancia comprometida na fiscaliza\u00e7\u00e3o da Sabesp, tamb\u00e9m subordinada ao governo do Estado. Segundo Nelo Rodolfo (PMDB), integrante da CPI, uma ag\u00eancia municipal teria mais condi\u00e7\u00f5es de fiscalizar o contrato da Sabesp com a Prefeitura. \u201cEsse contrato tem de ser atualizado todo ano\u201d, diz o parlamentar. O acordo vigente n\u00e3o prev\u00ea atualiza\u00e7\u00e3o.<\/p>\n<div style=\"float: left;width: 230px;margin-right: 1.5em;margin-bottom: 1.5em\">\n<div style=\"float: left;padding: 5px;background-color: #eee !important\">\n<p><a href=\"http:\/\/homolog.saopaulo.sp.leg.br\/apartes-anteriores\/wp-content\/uploads\/sites\/9\/2015\/08\/apartes_N15_47.jpg\"><img loading=\"lazy\" decoding=\"async\" class=\"alignnone wp-image-33882\" src=\"http:\/\/homolog.saopaulo.sp.leg.br\/apartes-anteriores\/wp-content\/uploads\/sites\/9\/2015\/08\/apartes_N15_47.jpg\" alt=\"apartes_N15_47\" width=\"220\" height=\"300\" srcset=\"https:\/\/homolog.saopaulo.sp.leg.br\/apartes-anteriores\/wp-content\/uploads\/sites\/9\/2015\/08\/apartes_N15_47.jpg 441w, https:\/\/homolog.saopaulo.sp.leg.br\/apartes-anteriores\/wp-content\/uploads\/sites\/9\/2015\/08\/apartes_N15_47-220x300.jpg 220w\" sizes=\"auto, (max-width: 220px) 100vw, 220px\" \/><\/a><\/p>\n<p style=\"font-size: 0.8em;line-height: 1.1em;text-align: center;margin: -1.5em 0px 7px 0px;color: #333;!important;background-color: transparent !important\" align=\"center\">FISCALIZA\u00c7\u00c3O &#8211; Contrato entre Prefeitura e Sabesp deve ser atualizado anualmente, defende Nelo Rodolfo<\/p>\n<\/div>\n<p style=\"font-size: 0.5em;line-height: 1.1em;text-align: right;margin: 4px 0px 7px 0px;background-color: transparent !important\">F\u00e1bio Lazzari\/CMSP<\/p>\n<\/div>\n<p class=\"p3\">Entre as recomenda\u00e7\u00f5es feitas pela CPI, La\u00e9rcio Benko (PHS), presidente da Comiss\u00e3o, destacou o envio de c\u00f3pias do relat\u00f3rio, pela CMSP, \u00e0 Bolsa de Valores de Nova York, onde a Sabesp tem suas a\u00e7\u00f5es negociadas. Segundo ele, a medida serviria para os acionistas terem \u201ca no\u00e7\u00e3o do que est\u00e1 acontecendo aqui em rela\u00e7\u00e3o \u00e0 crise h\u00eddrica e que a \u00e1gua est\u00e1 sendo utilizada para a obten\u00e7\u00e3o de lucro, em vez de ser tratada como algo necess\u00e1rio \u00e0 subsist\u00eancia humana\u201d. Benko critica que \u201ca Sabesp tem brincado com a \u00e1gua\u201d.<\/p>\n<p class=\"p3\">O \u00fanico membro da CPI que n\u00e3o votou pela aprova\u00e7\u00e3o do relat\u00f3rio foi Mario Covas Neto (PSDB), alegando que concordava com grande parte do texto, mas n\u00e3o na totalidade. \u201cSe o regimento da C\u00e2mara permitisse o voto \u2018favor\u00e1vel com ressalvas\u2019, era assim que eu votaria, mas essa possibilidade n\u00e3o existe\u201d, explicou o vereador \u00e0 <b>Apartes<\/b>. Entre as discord\u00e2ncias, Covas Neto diz que \u201co relat\u00f3rio fala em criar ag\u00eancia da \u00e1gua municipal, mas um \u00f3rg\u00e3o regulador metropolitano \u00e9 mais adequado, pois a \u00e1gua usada em S\u00e3o Paulo passa por v\u00e1rios munic\u00edpios\u201d.<\/p>\n<p class=\"p1\"><span class=\"s1\"><b>IMPRECIS\u00d5ES<\/b><\/span><\/p>\n<p class=\"p3\">Em nota \u00e0 imprensa, a Sabesp afirmou que a CPI n\u00e3o levou em conta \u201cque a seca de 2014 foi um evento extremamente raro, com probabilidade de ocorrer, em m\u00e9dia, uma vez a cada 250 anos\u201d. A empresa tamb\u00e9m afirma que a Comiss\u00e3o se equivocou ao concluir que a popula\u00e7\u00e3o n\u00e3o foi informada sobre a crise h\u00eddrica. \u201cAl\u00e9m de comunicar diariamente pela imprensa a situa\u00e7\u00e3o de escassez de chuvas, a Sabesp realizou oito campanhas publicit\u00e1rias ao longo de 2014, com mais de 3 mil inser\u00e7\u00f5es de TV e mais de 13 mil de r\u00e1dio, o que permite estimar que cada paulistano foi impactado, no m\u00ednimo, 40 vezes pelas mensagens de economia de \u00e1gua\u201d, diz o texto.<\/p>\n<div style=\"float: left;width: 230px;margin-right: 1.5em;margin-bottom: 1.5em\">\n<div style=\"float: left;padding: 5px;background-color: #eee !important\">\n<p><a href=\"http:\/\/homolog.saopaulo.sp.leg.br\/apartes-anteriores\/wp-content\/uploads\/sites\/9\/2015\/08\/apartes_N15_45.jpg\"><img loading=\"lazy\" decoding=\"async\" class=\"alignnone wp-image-33880\" src=\"http:\/\/homolog.saopaulo.sp.leg.br\/apartes-anteriores\/wp-content\/uploads\/sites\/9\/2015\/08\/apartes_N15_45.jpg\" alt=\"apartes_N15_45\" width=\"220\" height=\"291\" srcset=\"https:\/\/homolog.saopaulo.sp.leg.br\/apartes-anteriores\/wp-content\/uploads\/sites\/9\/2015\/08\/apartes_N15_45.jpg 441w, https:\/\/homolog.saopaulo.sp.leg.br\/apartes-anteriores\/wp-content\/uploads\/sites\/9\/2015\/08\/apartes_N15_45-227x300.jpg 227w\" sizes=\"auto, (max-width: 220px) 100vw, 220px\" \/><\/a><\/p>\n<p style=\"font-size: 0.8em;line-height: 1.1em;text-align: center;margin: -1.5em 0px 7px 0px;color: #333;!important;background-color: transparent !important\" align=\"center\">CONTR\u00c1RIO &#8211; Covas Neto faz ressalvas ao relat\u00f3rio da CPI<\/p>\n<\/div>\n<p style=\"font-size: 0.5em;line-height: 1.1em;text-align: right;margin: 4px 0px 7px 0px;background-color: transparent !important\">Marcelo Ximenez\/CMSP<\/p>\n<\/div>\n<p class=\"p3\">Ainda segundo a Sabesp, existem algumas imprecis\u00f5es no relat\u00f3rio. Por exemplo, a empresa questiona a afirma\u00e7\u00e3o de que a \u00e1gua de reserva traria riscos \u00e0 sa\u00fade. \u201cOs autores do documento ignoraram que esta mesma \u00e1gua abastece Campinas h\u00e1 mais de 30 anos, sem que se tenha constatado qualquer preju\u00edzo \u00e0 sa\u00fade dos consumidores\u201d, relata a nota da empresa.<\/p>\n<p class=\"p3\">J\u00e1 a Arsesp garantiu \u00e0 <b>Apartes<\/b> que \u201c\u00e9 independente administrativa e financeiramente e segue as diretrizes legais, exercendo com profissionalismo o seu papel regulador\u201d.<\/p>\n<p class=\"p3\">Mesmo com a conclus\u00e3o dos trabalhos da CPI, os vereadores se comprometeram a continuar fiscalizando as atividades da Sabesp na cidade. La\u00e9rcio Benko informou que existe a possibilidade de os parlamentares entrarem com uma a\u00e7\u00e3o popular para que os paulistanos sejam indenizados pelos problemas provocados pela companhia. \u201cO que os mun\u00edcipes t\u00eam sofrido n\u00e3o \u00e9 pouco\u201d, declarou o presidente da Comiss\u00e3o.<\/p>\n<p class=\"p1\"><b><span style=\"color: #800000\">SAIBA MAIS<\/span><br \/>\n<\/b><b>Documento<br \/>\n<\/b>Relat\u00f3rio da CPI da Sabesp. <a href=\"https:\/\/homolog.saopaulo.sp.leg.br\/wp-content\/uploads\/spot-legado\/comissoes-encerradas\/arquivos\/RELATORIO%20CPI%20AREAS%20CONTAMINADAS%20com%20adendos%2024-02-15%20aprovado%20SITE.pdf\">homolog.saopaulo.sp.leg.br\/atividade-legislativa\/cpis\/comissoes-encerradas<\/a><br \/>\n<b>Site<br \/>\n<\/b>Sabesp.<i> <a href=\"http:\/\/www.sabesp.com.br\">www.sabesp.com.br<\/a><\/i><\/p>\n<table class=\"t1\" cellspacing=\"0\" cellpadding=\"0\" bgcolor=\"#eeeeee\">\n<tbody>\n<tr>\n<td class=\"td1\" valign=\"top\">\n<h2 class=\"p1\"><span style=\"color: #800000\"><b>Principais propostas<\/b><\/span><\/h2>\n<ul>\n<li>Cria\u00e7\u00e3o de uma ag\u00eancia reguladora municipal<\/li>\n<li>Constru\u00e7\u00e3o de po\u00e7os e cisternas para captar \u00e1gua da chuva<\/li>\n<li>Incentivo \u00e0 economia de \u00e1gua<\/li>\n<li>Menor depend\u00eancia do Sistema Cantareira<\/li>\n<li>Diminui\u00e7\u00e3o das perdas na tubula\u00e7\u00e3o<\/li>\n<li>Envio de c\u00f3pia do relat\u00f3rio \u00e0 Bolsa de Valores de Nova York<\/li>\n<li>Cria\u00e7\u00e3o de um Plano de Saneamento B\u00e1sico<\/li>\n<li>Tornar permanente o b\u00f4nus da Sabesp a quem consome menos<\/li>\n<li>Instala\u00e7\u00e3o, na Ouvidoria da CMSP, do Disque Falta d\u2019\u00c1gua<\/li>\n<li>Estabelecer um pacto metropolitano com o governo do Estado e outros munic\u00edpios<\/li>\n<\/ul>\n<h2 class=\"p1\"><span style=\"color: #800000\"><b>N\u00fameros<\/b><\/span><\/h2>\n<ul>\n<li class=\"p1\">\n<h4>55 propostas<\/h4>\n<\/li>\n<li class=\"p1\">\n<h4>2 dilig\u00eancias<\/h4>\n<\/li>\n<li class=\"p1\">\n<h4>6 audi\u00eancias p\u00fablicas<\/h4>\n<\/li>\n<li class=\"p1\">\n<h4>32 depoimentos<\/h4>\n<\/li>\n<\/ul>\n<h2 class=\"p1\"><span style=\"color: #800000\"><b>Composi\u00e7\u00e3o da CPI<\/b><\/span><\/h2>\n<p class=\"p1\">La\u00e9rcio Benko (PHS) &#8211; presidente<br \/>\nAri Friedenbach (PROS) &#8211; vice-presidente<br \/>\nNelo Rodolfo (PMDB) &#8211; relator<br \/>\nJos\u00e9 Police Neto (PSD)<br \/>\nMario Covas Neto (PSDB)<br \/>\nMilton Leite (Democratas)<br \/>\nPaulo Frange (PTB)<br \/>\nReis (PT)<br \/>\nDalton Silvano (PV)<\/p>\n<\/td>\n<\/tr>\n<\/tbody>\n<\/table>\n<table class=\"t1\" cellspacing=\"0\" cellpadding=\"0\" bgcolor=\"#D9DDCC\">\n<tbody>\n<tr>\n<td class=\"td1\" valign=\"top\">\n<h2 class=\"p1\"><span style=\"color: #800000\"><b>Entrevista &gt; Pedro Jacobi<\/b><\/span><\/h2>\n<div style=\"float: right;width: 310px;margin-left: 1.5em;margin-bottom: 1.5em\">\n<div style=\"float: right;padding: 5px;background-color: #eee !important\">\n<p><a href=\"http:\/\/homolog.saopaulo.sp.leg.br\/apartes-anteriores\/wp-content\/uploads\/sites\/9\/2015\/08\/apartes_N15_44.jpg\"><img loading=\"lazy\" decoding=\"async\" class=\"alignnone wp-image-33879\" src=\"http:\/\/homolog.saopaulo.sp.leg.br\/apartes-anteriores\/wp-content\/uploads\/sites\/9\/2015\/08\/apartes_N15_44.jpg\" alt=\"apartes_N15_44\" width=\"300\" height=\"342\" srcset=\"https:\/\/homolog.saopaulo.sp.leg.br\/apartes-anteriores\/wp-content\/uploads\/sites\/9\/2015\/08\/apartes_N15_44.jpg 822w, https:\/\/homolog.saopaulo.sp.leg.br\/apartes-anteriores\/wp-content\/uploads\/sites\/9\/2015\/08\/apartes_N15_44-263x300.jpg 263w\" sizes=\"auto, (max-width: 300px) 100vw, 300px\" \/><\/a><\/p>\n<p style=\"font-size: 0.8em;line-height: 1.1em;text-align: center;margin: -1.5em 0px 7px 0px;color: #333;!important;background-color: transparent !important\" align=\"center\">ECONOMIA &#8211; Segundo o professor, sociedade ter\u00e1 de se acostumar a reduzir o consumo<\/p>\n<\/div>\n<p style=\"font-size: 0.5em;line-height: 1.1em;text-align: right;margin: 4px 0px 7px 0px;background-color: transparent !important\">Matheus Briet\/CMSP<\/p>\n<\/div>\n<p class=\"p3\">Para o soci\u00f3logo <b>Pedro Jacobi<\/b>, professor da p\u00f3s-gradua\u00e7\u00e3o em ci\u00eancia ambiental do Instituto de Energia e Ambiente da Universidade de S\u00e3o Paulo (USP), os paulistanos t\u00eam de mudar a forma como se relacionam com os recursos h\u00eddricos. \u201c\u00c9 preciso mudar a cultura da \u00e1gua, somos uma sociedade com pouca cultura comunit\u00e1ria, n\u00e3o temos um olhar coletivo\u201d, afirma.<\/p>\n<p class=\"p3\">Jacobi, que \u00e9 autor de livros sobre governan\u00e7a ambiental e editor da revista <i>Ambiente&amp;Sociedade<\/i>, responsabiliza principalmente a Sabesp pelos problemas no fornecimento e defende \u201co investimento p\u00fablico, respons\u00e1vel, transparente, debatido\u201d para que novas crises sejam evitadas.<\/p>\n<p class=\"p1\"><b>Quais as causas da crise h\u00eddrica?<\/b><\/p>\n<p class=\"p1\"><b>Jacobi:<\/b> Estamos passando por uma crise essencialmente relacionada \u00e0 falta de governan\u00e7a por parte da Sabesp. Sem d\u00favida, tem um componente clim\u00e1tico, mas ele j\u00e1 podia ser observado na d\u00e9cada de 1990. A cidade ficou muito dependente das \u00e1guas do Sistema Cantareira, cujas obras s\u00e3o da d\u00e9cada de 1970, e n\u00e3o houve investimentos que levassem em conta que as mudan\u00e7as clim\u00e1ticas exigiam a busca de novas fontes de recursos h\u00eddricos.<\/p>\n<p class=\"p1\"><b>O que os paulistanos podem esperar do futuro?<\/b><\/p>\n<p class=\"p1\">Procuro n\u00e3o criar alarmismo, por\u00e9m temos de ser realistas. A Cantareira vai demorar muito tempo para voltar ao normal. Alguns especialistas estimam em at\u00e9 10 anos, cinco no m\u00ednimo. Est\u00e3o sendo feitos investimentos, mas s\u00e3o de longo prazo. Isso significa que a sociedade como um todo ter\u00e1 de se acostumar a reduzir o consumo de \u00e1gua, mudar os h\u00e1bitos de consumo. O poder p\u00fablico e os meios de comunica\u00e7\u00e3o t\u00eam de discutir sempre essa quest\u00e3o. Mas sem culpar o cidad\u00e3o, que faz aquilo que sempre fez porque nunca foi educado pra fazer diferente.<\/p>\n<p class=\"p1\"><b>Como avalia a CPI da Sabesp?<\/b><\/p>\n<p class=\"p1\">A CPI teve um papel importante, trouxe \u00e0 tona a falta de transpar\u00eancia da gest\u00e3o da coisa p\u00fablica, a falta de presta\u00e7\u00e3o de conta por parte da Sabesp. N\u00e3o d\u00e1 para esconder, estamos numa situa\u00e7\u00e3o de crise: muitas pessoas n\u00e3o est\u00e3o tendo acesso \u00e0 \u00e1gua da forma adequada.<\/p>\n<p class=\"p1\"><b>O que o poder p\u00fablico pode fazer?<\/b><\/p>\n<p class=\"p1\">Promover a transpar\u00eancia, a presta\u00e7\u00e3o de conta e um di\u00e1logo permanente com a sociedade sobre como lidar com a crise da \u00e1gua no dia a dia. Isso \u00e9 fundamental. A empresa de saneamento tem de proteger as fontes de \u00e1gua. Mas h\u00e1 tamb\u00e9m a quest\u00e3o da habita\u00e7\u00e3o popular em \u00e1rea que deveria ser protegida. Precisamos saber como lidar com o problema da exclus\u00e3o social, com a necessidade de promover moradia.<\/p>\n<p class=\"p1\"><b>E como a popula\u00e7\u00e3o deve agir?<\/b><\/p>\n<p class=\"p1\">Ter\u00e1 de consumir \u00e1gua de outra maneira, usar menos. Precisamos fazer tudo para nos proteger da crise clim\u00e1tica, incentivar telhados verdes, reuso de \u00e1gua e, obviamente, redu\u00e7\u00e3o e uso mais racional. Por exemplo, uma grande quantidade de \u00e1gua \u00e9 consumida de forma inadequada porque muitas pessoas ainda n\u00e3o trocaram a v\u00e1lvula de descarga por outra mais econ\u00f4mica. Temos de ter preven\u00e7\u00e3o e olhar para o futuro, que est\u00e1 se modificando. Vivemos no antropoceno, era na qual o homem est\u00e1 interferindo na natureza.<\/p>\n<\/td>\n<\/tr>\n<\/tbody>\n<\/table>\n<p><!-- COMENTE SOBRE ESSA MATERIA --><\/p>\n<table border=\"0\" cellspacing=\"0\" cellpadding=\"0\">\n<tbody>\n<tr>\n<td align=\"center\" width=\"50%\">\n<h5>Comente sobre essa mat\u00e9ria:<\/h5>\n<p><a style=\"color: #fff;font-size: 12px;text-decoration: none;font-weight: bold;text-align: center;background-color: #3b5998 !important;margin: 0 0 10px;padding: 3px 7px\" title=\"Facebook da revista Apartes\" href=\"https:\/\/www.facebook.com\/RevistaApartes\" target=\"_blank\" rel=\"noopener\">Facebook<\/a> <a style=\"color: #fff;font-size: 12px;text-decoration: none;font-weight: bold;text-align: center;background-color: #1daced !important;margin: 0 0 10px;padding: 3px 7px\" title=\"Twitter da revista Apartes\" href=\"https:\/\/twitter.com\/RevistaApartes\" target=\"_blank\" rel=\"noopener\">Twitter<\/a><\/td>\n<td align=\"center\" width=\"50%\">\n<h5>Envie cr\u00edticas ou sugest\u00f5es:<\/h5>\n<p>Email: <strong><a href=\"mailto:apartes@saopaulo.sp.leg.br\">apartes@saopaulo.sp.leg.br<\/a><\/strong><\/td>\n<\/tr>\n<\/tbody>\n<\/table>\n<p><!-- COMENTE SOBRE ESSA MATERIA --><\/p>\n","protected":false},"excerpt":{"rendered":"<p>\u00c1guas turbulentas Comiss\u00e3o parlamentar encerra trabalhos e prop\u00f5e criar ag\u00eancia municipal para fiscalizar contrato com a Sabesp Rodrigo Garcia | rodrigogarcia@saopaulo.sp.leg.br ABASTECIMENTO &#8211; Moradores do Jardim Vera Cruz, sem \u00e1gua h\u00e1 oito dias, esfor\u00e7am-se para conseguir encher os gal\u00f5es Mozart Gomes\/CMSP \u201cNo resto da cidade \u00e9 proibido lavar a cal\u00e7ada com \u00e1gua da Sabesp, mas [&hellip;]<\/p>\n","protected":false},"author":109,"featured_media":0,"parent":33835,"menu_order":6,"comment_status":"open","ping_status":"open","template":"","meta":{"footnotes":""},"class_list":["post-33911","page","type-page","status-publish","hentry"],"meta_all":{"_edit_lock":["1480612748:109"],"_edit_last":["109"],"_wp_page_template":["default"],"_yoast_wpseo_title":["\u00c1guas turbulentas - Revista Apartes"],"_yoast_wpseo_bctitle":["\u00c1guas turbulentas"],"_cmsp_page_download-files":["a:1:{i:0;a:1:{s:4:\"type\";s:3:\"pdf\";}}"],"_yoast_wpseo_opengraph-title":["\u00c1guas turbulentas"],"_yoast_wpseo_opengraph-description":["Comiss\u00e3o parlamentar encerra trabalhos e prop\u00f5e criar ag\u00eancia municipal para fiscalizar contrato com a Sabesp"],"_yoast_wpseo_twitter-title":["\u00c1guas turbulentas"],"_yoast_wpseo_twitter-description":["Comiss\u00e3o parlamentar encerra trabalhos e prop\u00f5e criar ag\u00eancia municipal para fiscalizar contrato com a Sabesp"],"_yoast_wpseo_content_score":["30"]},"meta_all_2":{"_edit_lock":["1480612748:109"],"_edit_last":["109"],"_wp_page_template":["default"],"_yoast_wpseo_title":["\u00c1guas turbulentas - Revista Apartes"],"_yoast_wpseo_bctitle":["\u00c1guas turbulentas"],"_cmsp_page_download-files":["a:1:{i:0;a:1:{s:4:\"type\";s:3:\"pdf\";}}"],"_yoast_wpseo_opengraph-title":["\u00c1guas turbulentas"],"_yoast_wpseo_opengraph-description":["Comiss\u00e3o parlamentar encerra trabalhos e prop\u00f5e criar ag\u00eancia municipal para fiscalizar contrato com a Sabesp"],"_yoast_wpseo_twitter-title":["\u00c1guas turbulentas"],"_yoast_wpseo_twitter-description":["Comiss\u00e3o parlamentar encerra trabalhos e prop\u00f5e criar ag\u00eancia municipal para fiscalizar contrato com a Sabesp"],"_yoast_wpseo_content_score":["30"]},"yoast_head":"<!-- This site is optimized with the Yoast SEO plugin v27.4 - https:\/\/yoast.com\/product\/yoast-seo-wordpress\/ -->\r\n<title>\u00c1guas turbulentas - Revista Apartes<\/title>\r\n<meta name=\"robots\" content=\"noindex, follow, max-snippet:-1, max-image-preview:large, max-video-preview:-1\" \/>\r\n<meta property=\"og:locale\" content=\"pt_BR\" \/>\r\n<meta property=\"og:type\" content=\"article\" \/>\r\n<meta property=\"og:title\" content=\"\u00c1guas turbulentas\" \/>\r\n<meta property=\"og:description\" content=\"Comiss\u00e3o parlamentar encerra trabalhos e prop\u00f5e criar ag\u00eancia municipal para fiscalizar contrato com a Sabesp\" \/>\r\n<meta property=\"og:url\" content=\"https:\/\/www.saopaulo.sp.leg.br\/apartes-anteriores\/revista-apartes\/numero-15\/aguas-turbulentas\/\" \/>\r\n<meta property=\"og:site_name\" content=\"Revista Apartes (edi\u00e7\u00f5es anteriores)\" \/>\r\n<meta property=\"article:publisher\" content=\"https:\/\/www.facebook.com\/RevistaApartes\/\" \/>\r\n<meta property=\"article:modified_time\" content=\"2021-10-06T17:15:25+00:00\" \/>\r\n<meta property=\"og:image\" content=\"http:\/\/www.saopaulo.sp.leg.br\/apartes-anteriores\/wp-content\/uploads\/sites\/9\/2015\/08\/apartes_N15_40-1024x654.jpg\" \/>\r\n<meta name=\"twitter:card\" content=\"summary_large_image\" \/>\r\n<meta name=\"twitter:title\" content=\"\u00c1guas turbulentas\" \/>\r\n<meta name=\"twitter:description\" content=\"Comiss\u00e3o parlamentar encerra trabalhos e prop\u00f5e criar ag\u00eancia municipal para fiscalizar contrato com a Sabesp\" \/>\r\n<meta name=\"twitter:site\" content=\"@revistaapartes\" \/>\r\n<meta name=\"twitter:label1\" content=\"Est. tempo de leitura\" \/>\n\t<meta name=\"twitter:data1\" content=\"11 minutos\" \/>\r\n<script type=\"application\/ld+json\" class=\"yoast-schema-graph\">{\"@context\":\"https:\\\/\\\/schema.org\",\"@graph\":[{\"@type\":\"WebPage\",\"@id\":\"https:\\\/\\\/www.saopaulo.sp.leg.br\\\/apartes-anteriores\\\/revista-apartes\\\/numero-15\\\/aguas-turbulentas\\\/\",\"url\":\"https:\\\/\\\/www.saopaulo.sp.leg.br\\\/apartes-anteriores\\\/revista-apartes\\\/numero-15\\\/aguas-turbulentas\\\/\",\"name\":\"\u00c1guas turbulentas - Revista Apartes\",\"isPartOf\":{\"@id\":\"https:\\\/\\\/homolog.saopaulo.sp.leg.br\\\/apartes-anteriores\\\/#website\"},\"primaryImageOfPage\":{\"@id\":\"https:\\\/\\\/www.saopaulo.sp.leg.br\\\/apartes-anteriores\\\/revista-apartes\\\/numero-15\\\/aguas-turbulentas\\\/#primaryimage\"},\"image\":{\"@id\":\"https:\\\/\\\/www.saopaulo.sp.leg.br\\\/apartes-anteriores\\\/revista-apartes\\\/numero-15\\\/aguas-turbulentas\\\/#primaryimage\"},\"thumbnailUrl\":\"http:\\\/\\\/homolog.saopaulo.sp.leg.br\\\/apartes-anteriores\\\/wp-content\\\/uploads\\\/sites\\\/9\\\/2015\\\/08\\\/apartes_N15_40-1024x654.jpg\",\"datePublished\":\"2015-08-18T22:09:42+00:00\",\"dateModified\":\"2021-10-06T17:15:25+00:00\",\"breadcrumb\":{\"@id\":\"https:\\\/\\\/www.saopaulo.sp.leg.br\\\/apartes-anteriores\\\/revista-apartes\\\/numero-15\\\/aguas-turbulentas\\\/#breadcrumb\"},\"inLanguage\":\"pt-BR\",\"potentialAction\":[{\"@type\":\"ReadAction\",\"target\":[\"https:\\\/\\\/www.saopaulo.sp.leg.br\\\/apartes-anteriores\\\/revista-apartes\\\/numero-15\\\/aguas-turbulentas\\\/\"]}]},{\"@type\":\"ImageObject\",\"inLanguage\":\"pt-BR\",\"@id\":\"https:\\\/\\\/www.saopaulo.sp.leg.br\\\/apartes-anteriores\\\/revista-apartes\\\/numero-15\\\/aguas-turbulentas\\\/#primaryimage\",\"url\":\"https:\\\/\\\/homolog.saopaulo.sp.leg.br\\\/apartes-anteriores\\\/wp-content\\\/uploads\\\/sites\\\/9\\\/2015\\\/08\\\/apartes_N15_40.jpg\",\"contentUrl\":\"https:\\\/\\\/homolog.saopaulo.sp.leg.br\\\/apartes-anteriores\\\/wp-content\\\/uploads\\\/sites\\\/9\\\/2015\\\/08\\\/apartes_N15_40.jpg\",\"width\":1924,\"height\":1228},{\"@type\":\"BreadcrumbList\",\"@id\":\"https:\\\/\\\/www.saopaulo.sp.leg.br\\\/apartes-anteriores\\\/revista-apartes\\\/numero-15\\\/aguas-turbulentas\\\/#breadcrumb\",\"itemListElement\":[{\"@type\":\"ListItem\",\"position\":1,\"name\":\"Home\",\"item\":\"https:\\\/\\\/www.saopaulo.sp.leg.br\\\/apartes-anteriores\\\/\"},{\"@type\":\"ListItem\",\"position\":2,\"name\":\"Revista Apartes\",\"item\":\"https:\\\/\\\/www.saopaulo.sp.leg.br\\\/apartes-anteriores\\\/\"},{\"@type\":\"ListItem\",\"position\":3,\"name\":\"N\u00famero 15 &#8211; jun-jul\\\/2015\",\"item\":\"https:\\\/\\\/www.saopaulo.sp.leg.br\\\/apartes-anteriores\\\/revista-apartes\\\/numero-15\\\/\"},{\"@type\":\"ListItem\",\"position\":4,\"name\":\"\u00c1guas turbulentas\"}]},{\"@type\":\"WebSite\",\"@id\":\"https:\\\/\\\/homolog.saopaulo.sp.leg.br\\\/apartes-anteriores\\\/#website\",\"url\":\"https:\\\/\\\/homolog.saopaulo.sp.leg.br\\\/apartes-anteriores\\\/\",\"name\":\"Revista Apartes (edi\u00e7\u00f5es anteriores)\",\"description\":\"Revista Apartes (edi\u00e7\u00f5es anteriores)\",\"potentialAction\":[{\"@type\":\"SearchAction\",\"target\":{\"@type\":\"EntryPoint\",\"urlTemplate\":\"https:\\\/\\\/homolog.saopaulo.sp.leg.br\\\/apartes-anteriores\\\/?s={search_term_string}\"},\"query-input\":{\"@type\":\"PropertyValueSpecification\",\"valueRequired\":true,\"valueName\":\"search_term_string\"}}],\"inLanguage\":\"pt-BR\"}]}<\/script>\r\n<!-- \/ Yoast SEO plugin. -->","yoast_head_json":{"title":"\u00c1guas turbulentas - Revista Apartes","robots":{"index":"noindex","follow":"follow","max-snippet":"max-snippet:-1","max-image-preview":"max-image-preview:large","max-video-preview":"max-video-preview:-1"},"og_locale":"pt_BR","og_type":"article","og_title":"\u00c1guas turbulentas","og_description":"Comiss\u00e3o parlamentar encerra trabalhos e prop\u00f5e criar ag\u00eancia municipal para fiscalizar contrato com a Sabesp","og_url":"https:\/\/www.saopaulo.sp.leg.br\/apartes-anteriores\/revista-apartes\/numero-15\/aguas-turbulentas\/","og_site_name":"Revista Apartes (edi\u00e7\u00f5es anteriores)","article_publisher":"https:\/\/www.facebook.com\/RevistaApartes\/","article_modified_time":"2021-10-06T17:15:25+00:00","og_image":[{"url":"http:\/\/www.saopaulo.sp.leg.br\/apartes-anteriores\/wp-content\/uploads\/sites\/9\/2015\/08\/apartes_N15_40-1024x654.jpg","type":"","width":"","height":""}],"twitter_card":"summary_large_image","twitter_title":"\u00c1guas turbulentas","twitter_description":"Comiss\u00e3o parlamentar encerra trabalhos e prop\u00f5e criar ag\u00eancia municipal para fiscalizar contrato com a Sabesp","twitter_site":"@revistaapartes","twitter_misc":{"Est. tempo de leitura":"11 minutos"},"schema":{"@context":"https:\/\/schema.org","@graph":[{"@type":"WebPage","@id":"https:\/\/www.saopaulo.sp.leg.br\/apartes-anteriores\/revista-apartes\/numero-15\/aguas-turbulentas\/","url":"https:\/\/www.saopaulo.sp.leg.br\/apartes-anteriores\/revista-apartes\/numero-15\/aguas-turbulentas\/","name":"\u00c1guas turbulentas - Revista Apartes","isPartOf":{"@id":"https:\/\/homolog.saopaulo.sp.leg.br\/apartes-anteriores\/#website"},"primaryImageOfPage":{"@id":"https:\/\/www.saopaulo.sp.leg.br\/apartes-anteriores\/revista-apartes\/numero-15\/aguas-turbulentas\/#primaryimage"},"image":{"@id":"https:\/\/www.saopaulo.sp.leg.br\/apartes-anteriores\/revista-apartes\/numero-15\/aguas-turbulentas\/#primaryimage"},"thumbnailUrl":"http:\/\/homolog.saopaulo.sp.leg.br\/apartes-anteriores\/wp-content\/uploads\/sites\/9\/2015\/08\/apartes_N15_40-1024x654.jpg","datePublished":"2015-08-18T22:09:42+00:00","dateModified":"2021-10-06T17:15:25+00:00","breadcrumb":{"@id":"https:\/\/www.saopaulo.sp.leg.br\/apartes-anteriores\/revista-apartes\/numero-15\/aguas-turbulentas\/#breadcrumb"},"inLanguage":"pt-BR","potentialAction":[{"@type":"ReadAction","target":["https:\/\/www.saopaulo.sp.leg.br\/apartes-anteriores\/revista-apartes\/numero-15\/aguas-turbulentas\/"]}]},{"@type":"ImageObject","inLanguage":"pt-BR","@id":"https:\/\/www.saopaulo.sp.leg.br\/apartes-anteriores\/revista-apartes\/numero-15\/aguas-turbulentas\/#primaryimage","url":"https:\/\/homolog.saopaulo.sp.leg.br\/apartes-anteriores\/wp-content\/uploads\/sites\/9\/2015\/08\/apartes_N15_40.jpg","contentUrl":"https:\/\/homolog.saopaulo.sp.leg.br\/apartes-anteriores\/wp-content\/uploads\/sites\/9\/2015\/08\/apartes_N15_40.jpg","width":1924,"height":1228},{"@type":"BreadcrumbList","@id":"https:\/\/www.saopaulo.sp.leg.br\/apartes-anteriores\/revista-apartes\/numero-15\/aguas-turbulentas\/#breadcrumb","itemListElement":[{"@type":"ListItem","position":1,"name":"Home","item":"https:\/\/www.saopaulo.sp.leg.br\/apartes-anteriores\/"},{"@type":"ListItem","position":2,"name":"Revista Apartes","item":"https:\/\/www.saopaulo.sp.leg.br\/apartes-anteriores\/"},{"@type":"ListItem","position":3,"name":"N\u00famero 15 &#8211; jun-jul\/2015","item":"https:\/\/www.saopaulo.sp.leg.br\/apartes-anteriores\/revista-apartes\/numero-15\/"},{"@type":"ListItem","position":4,"name":"\u00c1guas turbulentas"}]},{"@type":"WebSite","@id":"https:\/\/homolog.saopaulo.sp.leg.br\/apartes-anteriores\/#website","url":"https:\/\/homolog.saopaulo.sp.leg.br\/apartes-anteriores\/","name":"Revista Apartes (edi\u00e7\u00f5es anteriores)","description":"Revista Apartes (edi\u00e7\u00f5es anteriores)","potentialAction":[{"@type":"SearchAction","target":{"@type":"EntryPoint","urlTemplate":"https:\/\/homolog.saopaulo.sp.leg.br\/apartes-anteriores\/?s={search_term_string}"},"query-input":{"@type":"PropertyValueSpecification","valueRequired":true,"valueName":"search_term_string"}}],"inLanguage":"pt-BR"}]}},"_links":{"self":[{"href":"https:\/\/homolog.saopaulo.sp.leg.br\/apartes-anteriores\/wp-json\/wp\/v2\/pages\/33911","targetHints":{"allow":["GET"]}}],"collection":[{"href":"https:\/\/homolog.saopaulo.sp.leg.br\/apartes-anteriores\/wp-json\/wp\/v2\/pages"}],"about":[{"href":"https:\/\/homolog.saopaulo.sp.leg.br\/apartes-anteriores\/wp-json\/wp\/v2\/types\/page"}],"author":[{"embeddable":true,"href":"https:\/\/homolog.saopaulo.sp.leg.br\/apartes-anteriores\/wp-json\/wp\/v2\/users\/109"}],"replies":[{"embeddable":true,"href":"https:\/\/homolog.saopaulo.sp.leg.br\/apartes-anteriores\/wp-json\/wp\/v2\/comments?post=33911"}],"version-history":[{"count":4,"href":"https:\/\/homolog.saopaulo.sp.leg.br\/apartes-anteriores\/wp-json\/wp\/v2\/pages\/33911\/revisions"}],"predecessor-version":[{"id":42112,"href":"https:\/\/homolog.saopaulo.sp.leg.br\/apartes-anteriores\/wp-json\/wp\/v2\/pages\/33911\/revisions\/42112"}],"up":[{"embeddable":true,"href":"https:\/\/homolog.saopaulo.sp.leg.br\/apartes-anteriores\/wp-json\/wp\/v2\/pages\/33835"}],"wp:attachment":[{"href":"https:\/\/homolog.saopaulo.sp.leg.br\/apartes-anteriores\/wp-json\/wp\/v2\/media?parent=33911"}],"curies":[{"name":"wp","href":"https:\/\/api.w.org\/{rel}","templated":true}]}}