{"id":3732,"date":"2021-04-12T14:07:27","date_gmt":"2021-04-12T17:07:27","guid":{"rendered":"https:\/\/homolog.saopaulo.sp.leg.br\/coronavirus\/?page_id=3732"},"modified":"2022-03-04T14:33:32","modified_gmt":"2022-03-04T17:33:32","slug":"vacinacao","status":"publish","type":"page","link":"https:\/\/homolog.saopaulo.sp.leg.br\/coronavirus\/vacinacao\/","title":{"rendered":"Vacina\u00e7\u00e3o"},"content":{"rendered":"<div class=\"lead\">\n<p>S\u00e3o Paulo possui uma estrutura \u2013 composta por postos volantes, farm\u00e1cias, mega postos no sistema drive-thru e drive-thrus anexos \u00e0s Unidades B\u00e1sicas de Sa\u00fade \u2013 para realizar a campanha de vacina\u00e7\u00e3o contra o novo coronav\u00edrus. Confira os endere\u00e7os:<\/p>\n<\/div>\n<div class=\"box\" style=\"padding-top: 30px;text-align: center\">\n<p><b>ACOMPANHE<\/b><\/p>\n<h1><a href=\"https:\/\/www.prefeitura.sp.gov.br\/cidade\/secretarias\/saude\/vigilancia_em_saude\/index.php?p=307599\" target=\"_blank\" rel=\"noopener\">Postos de Vacina\u00e7\u00e3o<\/a><\/h1>\n<\/div>\n<h2>Recomenda\u00e7\u00e3o<\/h2>\n<p>A Secretaria Municipal de Sa\u00fade recomenda que o p\u00fablico que vai se vacinar realize o pr\u00e9-cadastramento para a vacina\u00e7\u00e3o contra a Covid-19 <a href=\"http:\/\/www.vacinaja.sp.gov.br\/\" target=\"_blank\" rel=\"noopener\">no site Vacina J\u00e1<\/a>. Basta inserir dados como nome completo, CPF, endere\u00e7o completo, telefone e data de nascimento.<\/p>\n<p>A ferramenta ajuda a agilizar em at\u00e9 90% o tempo de atendimento e a evitar aglomera\u00e7\u00f5es, mas \u00e9 importante ressaltar que o pr\u00e9-cadastro n\u00e3o \u00e9 um agendamento e seu preenchimento n\u00e3o \u00e9 obrigat\u00f3rio para receber a vacina.<\/p>\n<p>Na plataforma \u201c<a href=\"https:\/\/deolhonafila.prefeitura.sp.gov.br\/\" target=\"_blank\" rel=\"noopener\">De Olho na Fila<\/a>\u201d, chamada tamb\u00e9m de \u201cFil\u00f4metro\u201d, \u00e9 poss\u00edvel acompanhar, de forma on-line, o movimento nos postos de vacina\u00e7\u00e3o e os imunizantes dispon\u00edveis.<\/p>\n<h3>Crian\u00e7as<\/h3>\n<p>No momento da vacina\u00e7\u00e3o, crian\u00e7as de 5 a 11 anos devem estar acompanhadas por um respons\u00e1vel maior de 18 anos e apresentar documento de identifica\u00e7\u00e3o (preferencialmente CPF), carteirinha de vacina\u00e7\u00e3o e comprovante de endere\u00e7o. Crian\u00e7as imunossuprimidas devem apresentar documenta\u00e7\u00e3o m\u00e9dica que comprove a condi\u00e7\u00e3o. Para crian\u00e7as com 5 anos de idade ou imunossuprimidas, a Pfizer \u00e9 a \u00fanica vacina aplicada.<\/p>\n<h3>Adolescentes<\/h3>\n<p>Para a primeira dose, adolescentes de 12 a 17 anos devem apresentar documento de identifica\u00e7\u00e3o (preferencialmente CPF) e comprovante de endere\u00e7o.<\/p>\n<h3>Segunda dose e dose adicional<\/h3>\n<p>Para todos os grupos eleg\u00edveis, a segunda dose e a dose adicional s\u00e3o aplicadas depois da apresenta\u00e7\u00e3o de documento de identifica\u00e7\u00e3o (preferencialmente CPF) e comprovante de vacina\u00e7\u00e3o da primeira ou segunda dose.<\/p>\n<p>Para imunossupress\u00e3o segue a obrigatoriedade do comprovante de condi\u00e7\u00e3o de risco.<\/p>\n<p>A aplica\u00e7\u00e3o da segunda dose segue o cronograma abaixo:<\/p>\n<ul>\n<li>Butantan (Coronavac): 15 dias ap\u00f3s 1\u00aa dose.<\/li>\n<li>Butantan (Coronavac) Pedi\u00e1trica: 28 dias ou 4 semanas ap\u00f3s a 1\u00aa dose.<\/li>\n<li>AstraZeneca: 08 semanas (56 dias) ap\u00f3s 1\u00aa dose.<\/li>\n<li>Pfizer: 21 dias ap\u00f3s 1\u00aa dose.<\/li>\n<li>Janssen: de 02 a 06 meses ap\u00f3s 1\u00aa dose.<\/li>\n<li>Pfizer Pedi\u00e1trica: 56 dias ou 08 semanas ap\u00f3s a 1\u00aa dose.<\/li>\n<\/ul>\n<h3 style=\"margin-top: 60px;margin-bottom: -40px\">Not\u00edcias relacionadas<\/h3>\n","protected":false},"excerpt":{"rendered":"<p>S\u00e3o Paulo possui uma estrutura \u2013 composta por postos volantes, farm\u00e1cias, mega postos no sistema drive-thru e drive-thrus anexos \u00e0s Unidades B\u00e1sicas de Sa\u00fade \u2013 para realizar a campanha de vacina\u00e7\u00e3o contra o novo coronav\u00edrus. Confira os endere\u00e7os: ACOMPANHE Postos de Vacina\u00e7\u00e3o Recomenda\u00e7\u00e3o A Secretaria Municipal de Sa\u00fade recomenda que o p\u00fablico que vai se&#8230;  <a class=\"excerpt-read-more\" href=\"https:\/\/homolog.saopaulo.sp.leg.br\/coronavirus\/vacinacao\/\" title=\"Read Vacina\u00e7\u00e3o\">Ler mais &raquo;<\/a><\/p>\n","protected":false},"author":630,"featured_media":0,"parent":0,"menu_order":0,"comment_status":"closed","ping_status":"closed","template":"page-vacinacao.php","meta":{"_acf_changed":false,"footnotes":""},"class_list":["post-3732","page","type-page","status-publish","hentry"],"acf":[],"yoast_head":"<!-- This site is optimized with the Yoast SEO plugin v27.4 - https:\/\/yoast.com\/product\/yoast-seo-wordpress\/ -->\r\n<title>Vacina\u00e7\u00e3o - Coronav\u00edrus<\/title>\r\n<meta name=\"robots\" content=\"noindex, follow, max-snippet:-1, max-image-preview:large, max-video-preview:-1\" \/>\r\n<meta property=\"og:locale\" content=\"pt_BR\" \/>\r\n<meta property=\"og:type\" content=\"article\" \/>\r\n<meta property=\"og:title\" content=\"Vacina\u00e7\u00e3o - Coronav\u00edrus\" \/>\r\n<meta property=\"og:description\" content=\"S\u00e3o Paulo possui uma estrutura \u2013 composta por postos volantes, farm\u00e1cias, mega postos no sistema drive-thru e drive-thrus anexos \u00e0s Unidades B\u00e1sicas de Sa\u00fade \u2013 para realizar a campanha de vacina\u00e7\u00e3o contra o novo coronav\u00edrus. Confira os endere\u00e7os: ACOMPANHE Postos de Vacina\u00e7\u00e3o Recomenda\u00e7\u00e3o A Secretaria Municipal de Sa\u00fade recomenda que o p\u00fablico que vai se... Ler mais &raquo;\" \/>\r\n<meta property=\"og:url\" content=\"https:\/\/www.saopaulo.sp.leg.br\/coronavirus\/vacinacao\/\" \/>\r\n<meta property=\"og:site_name\" content=\"Coronav\u00edrus\" \/>\r\n<meta property=\"article:modified_time\" content=\"2022-03-04T17:33:32+00:00\" \/>\r\n<meta name=\"twitter:card\" content=\"summary_large_image\" \/>\r\n<meta name=\"twitter:label1\" content=\"Est. tempo de leitura\" \/>\n\t<meta name=\"twitter:data1\" content=\"4 minutos\" \/>\r\n<script type=\"application\/ld+json\" class=\"yoast-schema-graph\">{\"@context\":\"https:\\\/\\\/schema.org\",\"@graph\":[{\"@type\":\"WebPage\",\"@id\":\"https:\\\/\\\/www.saopaulo.sp.leg.br\\\/coronavirus\\\/vacinacao\\\/\",\"url\":\"https:\\\/\\\/www.saopaulo.sp.leg.br\\\/coronavirus\\\/vacinacao\\\/\",\"name\":\"Vacina\u00e7\u00e3o - Coronav\u00edrus\",\"isPartOf\":{\"@id\":\"https:\\\/\\\/homolog.saopaulo.sp.leg.br\\\/coronavirus\\\/#website\"},\"datePublished\":\"2021-04-12T17:07:27+00:00\",\"dateModified\":\"2022-03-04T17:33:32+00:00\",\"breadcrumb\":{\"@id\":\"https:\\\/\\\/www.saopaulo.sp.leg.br\\\/coronavirus\\\/vacinacao\\\/#breadcrumb\"},\"inLanguage\":\"pt-BR\",\"potentialAction\":[{\"@type\":\"ReadAction\",\"target\":[\"https:\\\/\\\/www.saopaulo.sp.leg.br\\\/coronavirus\\\/vacinacao\\\/\"]}]},{\"@type\":\"BreadcrumbList\",\"@id\":\"https:\\\/\\\/www.saopaulo.sp.leg.br\\\/coronavirus\\\/vacinacao\\\/#breadcrumb\",\"itemListElement\":[{\"@type\":\"ListItem\",\"position\":1,\"name\":\"In\u00edcio\",\"item\":\"https:\\\/\\\/homolog.saopaulo.sp.leg.br\\\/coronavirus\\\/\"},{\"@type\":\"ListItem\",\"position\":2,\"name\":\"Vacina\u00e7\u00e3o\"}]},{\"@type\":\"WebSite\",\"@id\":\"https:\\\/\\\/homolog.saopaulo.sp.leg.br\\\/coronavirus\\\/#website\",\"url\":\"https:\\\/\\\/homolog.saopaulo.sp.leg.br\\\/coronavirus\\\/\",\"name\":\"Coronav\u00edrus\",\"description\":\"Informa\u00e7\u00e3o no combate ao COVID-19\",\"potentialAction\":[{\"@type\":\"SearchAction\",\"target\":{\"@type\":\"EntryPoint\",\"urlTemplate\":\"https:\\\/\\\/homolog.saopaulo.sp.leg.br\\\/coronavirus\\\/?s={search_term_string}\"},\"query-input\":{\"@type\":\"PropertyValueSpecification\",\"valueRequired\":true,\"valueName\":\"search_term_string\"}}],\"inLanguage\":\"pt-BR\"}]}<\/script>\r\n<!-- \/ Yoast SEO plugin. -->","yoast_head_json":{"title":"Vacina\u00e7\u00e3o - Coronav\u00edrus","robots":{"index":"noindex","follow":"follow","max-snippet":"max-snippet:-1","max-image-preview":"max-image-preview:large","max-video-preview":"max-video-preview:-1"},"og_locale":"pt_BR","og_type":"article","og_title":"Vacina\u00e7\u00e3o - Coronav\u00edrus","og_description":"S\u00e3o Paulo possui uma estrutura \u2013 composta por postos volantes, farm\u00e1cias, mega postos no sistema drive-thru e drive-thrus anexos \u00e0s Unidades B\u00e1sicas de Sa\u00fade \u2013 para realizar a campanha de vacina\u00e7\u00e3o contra o novo coronav\u00edrus. Confira os endere\u00e7os: ACOMPANHE Postos de Vacina\u00e7\u00e3o Recomenda\u00e7\u00e3o A Secretaria Municipal de Sa\u00fade recomenda que o p\u00fablico que vai se... Ler mais &raquo;","og_url":"https:\/\/www.saopaulo.sp.leg.br\/coronavirus\/vacinacao\/","og_site_name":"Coronav\u00edrus","article_modified_time":"2022-03-04T17:33:32+00:00","twitter_card":"summary_large_image","twitter_misc":{"Est. tempo de leitura":"4 minutos"},"schema":{"@context":"https:\/\/schema.org","@graph":[{"@type":"WebPage","@id":"https:\/\/www.saopaulo.sp.leg.br\/coronavirus\/vacinacao\/","url":"https:\/\/www.saopaulo.sp.leg.br\/coronavirus\/vacinacao\/","name":"Vacina\u00e7\u00e3o - Coronav\u00edrus","isPartOf":{"@id":"https:\/\/homolog.saopaulo.sp.leg.br\/coronavirus\/#website"},"datePublished":"2021-04-12T17:07:27+00:00","dateModified":"2022-03-04T17:33:32+00:00","breadcrumb":{"@id":"https:\/\/www.saopaulo.sp.leg.br\/coronavirus\/vacinacao\/#breadcrumb"},"inLanguage":"pt-BR","potentialAction":[{"@type":"ReadAction","target":["https:\/\/www.saopaulo.sp.leg.br\/coronavirus\/vacinacao\/"]}]},{"@type":"BreadcrumbList","@id":"https:\/\/www.saopaulo.sp.leg.br\/coronavirus\/vacinacao\/#breadcrumb","itemListElement":[{"@type":"ListItem","position":1,"name":"In\u00edcio","item":"https:\/\/homolog.saopaulo.sp.leg.br\/coronavirus\/"},{"@type":"ListItem","position":2,"name":"Vacina\u00e7\u00e3o"}]},{"@type":"WebSite","@id":"https:\/\/homolog.saopaulo.sp.leg.br\/coronavirus\/#website","url":"https:\/\/homolog.saopaulo.sp.leg.br\/coronavirus\/","name":"Coronav\u00edrus","description":"Informa\u00e7\u00e3o no combate ao COVID-19","potentialAction":[{"@type":"SearchAction","target":{"@type":"EntryPoint","urlTemplate":"https:\/\/homolog.saopaulo.sp.leg.br\/coronavirus\/?s={search_term_string}"},"query-input":{"@type":"PropertyValueSpecification","valueRequired":true,"valueName":"search_term_string"}}],"inLanguage":"pt-BR"}]}},"_links":{"self":[{"href":"https:\/\/homolog.saopaulo.sp.leg.br\/coronavirus\/wp-json\/wp\/v2\/pages\/3732","targetHints":{"allow":["GET"]}}],"collection":[{"href":"https:\/\/homolog.saopaulo.sp.leg.br\/coronavirus\/wp-json\/wp\/v2\/pages"}],"about":[{"href":"https:\/\/homolog.saopaulo.sp.leg.br\/coronavirus\/wp-json\/wp\/v2\/types\/page"}],"author":[{"embeddable":true,"href":"https:\/\/homolog.saopaulo.sp.leg.br\/coronavirus\/wp-json\/wp\/v2\/users\/630"}],"replies":[{"embeddable":true,"href":"https:\/\/homolog.saopaulo.sp.leg.br\/coronavirus\/wp-json\/wp\/v2\/comments?post=3732"}],"version-history":[{"count":5,"href":"https:\/\/homolog.saopaulo.sp.leg.br\/coronavirus\/wp-json\/wp\/v2\/pages\/3732\/revisions"}],"predecessor-version":[{"id":4417,"href":"https:\/\/homolog.saopaulo.sp.leg.br\/coronavirus\/wp-json\/wp\/v2\/pages\/3732\/revisions\/4417"}],"wp:attachment":[{"href":"https:\/\/homolog.saopaulo.sp.leg.br\/coronavirus\/wp-json\/wp\/v2\/media?parent=3732"}],"curies":[{"name":"wp","href":"https:\/\/api.w.org\/{rel}","templated":true}]}}