{"id":1360,"date":"2024-11-28T21:46:56","date_gmt":"2024-11-29T00:46:56","guid":{"rendered":"https:\/\/homolog.saopaulo.sp.leg.br\/redecamara\/?page_id=1360"},"modified":"2025-04-14T12:59:02","modified_gmt":"2025-04-14T15:59:02","slug":"tiradentes","status":"publish","type":"page","link":"https:\/\/homolog.saopaulo.sp.leg.br\/redecamara\/auditorios\/tiradentes\/","title":{"rendered":"Sala Tiradentes"},"content":{"rendered":"\t\t<div data-elementor-type=\"wp-page\" data-elementor-id=\"1360\" class=\"elementor elementor-1360\">\n\t\t\t\t\t\t<section class=\"elementor-section elementor-top-section elementor-element elementor-element-518f4231 elementor-section-full_width elementor-section-height-full elementor-section-height-default elementor-section-items-middle\" data-id=\"518f4231\" data-element_type=\"section\" data-e-type=\"section\" data-settings=\"{&quot;background_background&quot;:&quot;classic&quot;}\">\n\t\t\t\t\t\t\t<div class=\"elementor-background-overlay\"><\/div>\n\t\t\t\t\t\t\t<div class=\"elementor-container elementor-column-gap-default\">\n\t\t\t\t\t<div class=\"elementor-column elementor-col-50 elementor-top-column elementor-element elementor-element-792a9270\" data-id=\"792a9270\" data-element_type=\"column\" data-e-type=\"column\">\n\t\t\t<div class=\"elementor-widget-wrap elementor-element-populated\">\n\t\t\t\t\t\t<div class=\"elementor-element elementor-element-c29474c elementor-widget elementor-widget-button\" data-id=\"c29474c\" data-element_type=\"widget\" data-e-type=\"widget\" data-widget_type=\"button.default\">\n\t\t\t\t<div class=\"elementor-widget-container\">\n\t\t\t\t\t\t\t\t\t<div class=\"elementor-button-wrapper\">\n\t\t\t\t\t<a class=\"elementor-button elementor-button-link elementor-size-sm\" href=\"https:\/\/app.multiplierapp.live\/channelPlayer\/621a0d6fecc39e8a08d5bfb5\">\n\t\t\t\t\t\t<span class=\"elementor-button-content-wrapper\">\n\t\t\t\t\t\t<span class=\"elementor-button-icon\">\n\t\t\t\t<i aria-hidden=\"true\" class=\"fas fa-circle\"><\/i>\t\t\t<\/span>\n\t\t\t\t\t\t\t\t\t<span class=\"elementor-button-text\">Assista<\/span>\n\t\t\t\t\t<\/span>\n\t\t\t\t\t<\/a>\n\t\t\t\t<\/div>\n\t\t\t\t\t\t\t\t<\/div>\n\t\t\t\t<\/div>\n\t\t\t\t<div class=\"elementor-element elementor-element-09b5d32 elementor-hidden-desktop elementor-hidden-tablet elementor-hidden-mobile elementor-widget elementor-widget-button\" data-id=\"09b5d32\" data-element_type=\"widget\" data-e-type=\"widget\" data-widget_type=\"button.default\">\n\t\t\t\t<div class=\"elementor-widget-container\">\n\t\t\t\t\t\t\t\t\t<div class=\"elementor-button-wrapper\">\n\t\t\t\t\t<a class=\"elementor-button elementor-size-sm\" role=\"button\">\n\t\t\t\t\t\t<span class=\"elementor-button-content-wrapper\">\n\t\t\t\t\t\t<span class=\"elementor-button-icon\">\n\t\t\t\t<i aria-hidden=\"true\" class=\"far fa-stop-circle\"><\/i>\t\t\t<\/span>\n\t\t\t\t\t\t\t\t\t<span class=\"elementor-button-text\">Offline<\/span>\n\t\t\t\t\t<\/span>\n\t\t\t\t\t<\/a>\n\t\t\t\t<\/div>\n\t\t\t\t\t\t\t\t<\/div>\n\t\t\t\t<\/div>\n\t\t\t\t<div class=\"elementor-element elementor-element-2613a30 elementor-widget elementor-widget-heading\" data-id=\"2613a30\" data-element_type=\"widget\" data-e-type=\"widget\" data-widget_type=\"heading.default\">\n\t\t\t\t<div class=\"elementor-widget-container\">\n\t\t\t\t\t<h1 class=\"elementor-heading-title elementor-size-default\">Sala<br>\nTiradentes<\/h1>\t\t\t\t<\/div>\n\t\t\t\t<\/div>\n\t\t\t\t<div class=\"elementor-element elementor-element-26d4553d elementor-widget elementor-widget-text-editor\" data-id=\"26d4553d\" data-element_type=\"widget\" data-e-type=\"widget\" data-widget_type=\"text-editor.default\">\n\t\t\t\t<div class=\"elementor-widget-container\">\n\t\t\t\t\t\t\t\t\t<p><span style=\"font-weight: 400\">Esta sala, que tem capacidade para at\u00e9 71 pessoas, fica localizada no 8\u00ba andar do Pal\u00e1cio Anchieta, bem em frente ao gabinete da Presid\u00eancia da C\u00e2mara. <\/span><\/p>\t\t\t\t\t\t\t\t<\/div>\n\t\t\t\t<\/div>\n\t\t\t\t\t<\/div>\n\t\t<\/div>\n\t\t\t\t<div class=\"elementor-column elementor-col-50 elementor-top-column elementor-element elementor-element-1c2a744\" data-id=\"1c2a744\" data-element_type=\"column\" data-e-type=\"column\">\n\t\t\t<div class=\"elementor-widget-wrap elementor-element-populated\">\n\t\t\t\t\t\t<div class=\"elementor-element elementor-element-3ca1f2ea elementor-hidden-desktop elementor-hidden-tablet elementor-hidden-mobile elementor-widget elementor-widget-html\" data-id=\"3ca1f2ea\" data-element_type=\"widget\" data-e-type=\"widget\" data-widget_type=\"html.default\">\n\t\t\t\t<div class=\"elementor-widget-container\">\n\t\t\t\t\t<div class=\"epyt-video-wrapper\"><iframe  style=\"display: block; margin: 0px auto;\"  id=\"_ytid_86957\"  width=\"680\" height=\"383\"  data-origwidth=\"680\" data-origheight=\"383\" src=\"https:\/\/www.youtube.com\/embed\/S3D6aqlUEuc?enablejsapi=1&listType=playlist&list=PLYt3a0f9wjCkHDmRXKWxt4al-yRVg2UNP&autoplay=0&cc_load_policy=0&cc_lang_pref=&iv_load_policy=1&loop=1&rel=0&fs=1&playsinline=0&autohide=2&theme=dark&color=red&controls=1&disablekb=0&\" class=\"__youtube_prefs__  no-lazyload\" title=\"C\u00e2mara Explica\"  allow=\"fullscreen; accelerometer; autoplay; clipboard-write; encrypted-media; gyroscope; picture-in-picture; web-share\" referrerpolicy=\"strict-origin-when-cross-origin\" allowfullscreen data-no-lazy=\"1\" data-skipgform_ajax_framebjll=\"\"><\/iframe><\/div>\t\t\t\t<\/div>\n\t\t\t\t<\/div>\n\t\t\t\t\t<\/div>\n\t\t<\/div>\n\t\t\t\t\t<\/div>\n\t\t<\/section>\n\t\t\t\t<section class=\"elementor-section elementor-top-section elementor-element elementor-element-4f834478 elementor-section-content-middle elementor-section-height-min-height elementor-section-boxed elementor-section-height-default elementor-section-items-middle\" data-id=\"4f834478\" data-element_type=\"section\" data-e-type=\"section\" data-settings=\"{&quot;background_background&quot;:&quot;classic&quot;,&quot;animation&quot;:&quot;none&quot;}\">\n\t\t\t\t\t\t\t<div class=\"elementor-background-overlay\"><\/div>\n\t\t\t\t\t\t\t<div class=\"elementor-container elementor-column-gap-default\">\n\t\t\t\t\t<div class=\"elementor-column elementor-col-50 elementor-top-column elementor-element elementor-element-40921a57\" data-id=\"40921a57\" data-element_type=\"column\" data-e-type=\"column\">\n\t\t\t<div class=\"elementor-widget-wrap elementor-element-populated\">\n\t\t\t\t\t\t<div class=\"elementor-element elementor-element-3ce790cf elementor-widget elementor-widget-heading\" data-id=\"3ce790cf\" data-element_type=\"widget\" data-e-type=\"widget\" data-widget_type=\"heading.default\">\n\t\t\t\t<div class=\"elementor-widget-container\">\n\t\t\t\t\t<h3 class=\"elementor-heading-title elementor-size-default\">Sobre a<br>\nSala Tiradentes<\/h3>\t\t\t\t<\/div>\n\t\t\t\t<\/div>\n\t\t\t\t<div class=\"elementor-element elementor-element-41517896 elementor-widget-divider--view-line elementor-widget elementor-widget-divider\" data-id=\"41517896\" data-element_type=\"widget\" data-e-type=\"widget\" data-widget_type=\"divider.default\">\n\t\t\t\t<div class=\"elementor-widget-container\">\n\t\t\t\t\t\t\t<div class=\"elementor-divider\">\n\t\t\t<span class=\"elementor-divider-separator\">\n\t\t\t\t\t\t<\/span>\n\t\t<\/div>\n\t\t\t\t\t\t<\/div>\n\t\t\t\t<\/div>\n\t\t\t\t<div class=\"elementor-element elementor-element-8339c33 elementor-widget elementor-widget-image\" data-id=\"8339c33\" data-element_type=\"widget\" data-e-type=\"widget\" data-widget_type=\"image.default\">\n\t\t\t\t<div class=\"elementor-widget-container\">\n\t\t\t\t\t\t\t\t\t\t\t\t\t\t\t<img fetchpriority=\"high\" decoding=\"async\" width=\"500\" height=\"300\" src=\"https:\/\/homolog.saopaulo.sp.leg.br\/redecamara\/wp-content\/uploads\/sites\/51\/2024\/11\/sala-tiradentes.png\" class=\"attachment-large size-large wp-image-1046\" alt=\"\" srcset=\"https:\/\/homolog.saopaulo.sp.leg.br\/redecamara\/wp-content\/uploads\/sites\/51\/2024\/11\/sala-tiradentes.png 500w, https:\/\/homolog.saopaulo.sp.leg.br\/redecamara\/wp-content\/uploads\/sites\/51\/2024\/11\/sala-tiradentes-300x180.png 300w\" sizes=\"(max-width: 500px) 100vw, 500px\" \/>\t\t\t\t\t\t\t\t\t\t\t\t\t\t\t<\/div>\n\t\t\t\t<\/div>\n\t\t\t\t<div class=\"elementor-element elementor-element-523be85 elementor-widget elementor-widget-text-editor\" data-id=\"523be85\" data-element_type=\"widget\" data-e-type=\"widget\" data-widget_type=\"text-editor.default\">\n\t\t\t\t<div class=\"elementor-widget-container\">\n\t\t\t\t\t\t\t\t\t<p>S\u00e3o Paulo, 11 de maio de 2021 Sala Tiradentes &#8211; C\u00e2mara Municipal de S\u00e3o Paulo Foto: Jo\u00e3o Raposo\/Rede C\u00e2mara<\/p>\t\t\t\t\t\t\t\t<\/div>\n\t\t\t\t<\/div>\n\t\t\t\t\t<\/div>\n\t\t<\/div>\n\t\t\t\t<div class=\"elementor-column elementor-col-50 elementor-top-column elementor-element elementor-element-d5f48aa\" data-id=\"d5f48aa\" data-element_type=\"column\" data-e-type=\"column\">\n\t\t\t<div class=\"elementor-widget-wrap elementor-element-populated\">\n\t\t\t\t\t\t<div class=\"elementor-element elementor-element-5d5bd21 elementor-widget__width-initial elementor-widget elementor-widget-text-editor\" data-id=\"5d5bd21\" data-element_type=\"widget\" data-e-type=\"widget\" data-widget_type=\"text-editor.default\">\n\t\t\t\t<div class=\"elementor-widget-container\">\n\t\t\t\t\t\t\t\t\t<p><span style=\"font-weight: 400\">Em 1972, em comemora\u00e7\u00e3o aos 150 anos da Independ\u00eancia do Brasil, a Mesa Diretora da C\u00e2mara Municipal de S\u00e3o Paulo resolveu dar nome a uma das principais salas do Pal\u00e1cio Anchieta.\u00a0<\/span><\/p><p><span data-olk-copy-source=\"MessageBody\">Neste espa\u00e7o acontecem reuni\u00f5es de Comiss\u00f5es, Audi\u00eancias P\u00fablicas e outros eventos de interesse p\u00fablico.. Aqui tamb\u00e9m est\u00e3o o\u00a0<\/span><a id=\"OWA3bef363b-03cb-e333-42ba-0c9fcfd6acc5\" class=\"x_OWAAutoLink\" title=\"https:\/\/homolog.saopaulo.sp.leg.br\/memoria\/especial\/tiradentes-sd\/\" href=\"https:\/\/homolog.saopaulo.sp.leg.br\/memoria\/especial\/tiradentes-sd\/\" target=\"_blank\" rel=\"noopener noreferrer\" data-auth=\"NotApplicable\" data-linkindex=\"2\">quadro de Tiradentes<\/a>, de Luis At\u00edlio Fiori e o\u00a0<a id=\"OWA7ce24d72-80b4-b545-280f-756a3c0e5c9e\" class=\"x_OWAAutoLink\" title=\"https:\/\/homolog.saopaulo.sp.leg.br\/memoria\/especial\/tiradentes-1951-busto\/\" href=\"https:\/\/homolog.saopaulo.sp.leg.br\/memoria\/especial\/tiradentes-1951-busto\/\" target=\"_blank\" rel=\"noopener noreferrer\" data-auth=\"NotApplicable\" data-linkindex=\"3\">busto<\/a>, tamb\u00e9m em homenagem ao m\u00e1rtir da Inconfid\u00eancia Mineira, esculpido por Luis Morrone.<\/p>\t\t\t\t\t\t\t\t<\/div>\n\t\t\t\t<\/div>\n\t\t\t\t\t<\/div>\n\t\t<\/div>\n\t\t\t\t\t<\/div>\n\t\t<\/section>\n\t\t\t\t<section class=\"elementor-section elementor-top-section elementor-element elementor-element-b085aad elementor-section-content-middle elementor-section-height-min-height elementor-section-boxed elementor-section-height-default elementor-section-items-middle\" data-id=\"b085aad\" data-element_type=\"section\" data-e-type=\"section\" data-settings=\"{&quot;background_background&quot;:&quot;classic&quot;,&quot;animation&quot;:&quot;none&quot;}\">\n\t\t\t\t\t\t\t<div class=\"elementor-background-overlay\"><\/div>\n\t\t\t\t\t\t\t<div class=\"elementor-container elementor-column-gap-default\">\n\t\t\t\t\t<div class=\"elementor-column elementor-col-50 elementor-top-column elementor-element elementor-element-c7fb895\" data-id=\"c7fb895\" data-element_type=\"column\" data-e-type=\"column\">\n\t\t\t<div class=\"elementor-widget-wrap elementor-element-populated\">\n\t\t\t\t\t\t<div class=\"elementor-element elementor-element-f3e9548 elementor-widget elementor-widget-heading\" data-id=\"f3e9548\" data-element_type=\"widget\" data-e-type=\"widget\" data-widget_type=\"heading.default\">\n\t\t\t\t<div class=\"elementor-widget-container\">\n\t\t\t\t\t<h4 class=\"elementor-heading-title elementor-size-default\">Tiradentes<\/h4>\t\t\t\t<\/div>\n\t\t\t\t<\/div>\n\t\t\t\t<div class=\"elementor-element elementor-element-9d6bf46 elementor-widget-divider--view-line elementor-widget elementor-widget-divider\" data-id=\"9d6bf46\" data-element_type=\"widget\" data-e-type=\"widget\" data-widget_type=\"divider.default\">\n\t\t\t\t<div class=\"elementor-widget-container\">\n\t\t\t\t\t\t\t<div class=\"elementor-divider\">\n\t\t\t<span class=\"elementor-divider-separator\">\n\t\t\t\t\t\t<\/span>\n\t\t<\/div>\n\t\t\t\t\t\t<\/div>\n\t\t\t\t<\/div>\n\t\t\t\t<div class=\"elementor-element elementor-element-d31e6b1 elementor-widget__width-initial elementor-widget elementor-widget-text-editor\" data-id=\"d31e6b1\" data-element_type=\"widget\" data-e-type=\"widget\" data-widget_type=\"text-editor.default\">\n\t\t\t\t<div class=\"elementor-widget-container\">\n\t\t\t\t\t\t\t\t\t<p><span style=\"font-weight: 400\">Joaquim Jos\u00e9 da Silva Xavier, conhecido como Tiradentes, \u00e9 considerado um m\u00e1rtir da independ\u00eancia do Brasil. Nascido em 1946, em Minas Gerais, ele foi dentista, o que lhe rendeu o apelido de Tiradentes.\u00a0<\/span><\/p><p><span style=\"font-weight: 400\">Adepto do Iluminismo, Tiradentes foi enforcado em pra\u00e7a p\u00fablica. Ap\u00f3s a Proclama\u00e7\u00e3o da Rep\u00fablica, em 1890, ele foi considerado her\u00f3i nacional.<\/span><\/p>\t\t\t\t\t\t\t\t<\/div>\n\t\t\t\t<\/div>\n\t\t\t\t<div class=\"elementor-element elementor-element-2a30182 elementor-widget elementor-widget-spacer\" data-id=\"2a30182\" data-element_type=\"widget\" data-e-type=\"widget\" data-widget_type=\"spacer.default\">\n\t\t\t\t<div class=\"elementor-widget-container\">\n\t\t\t\t\t\t\t<div class=\"elementor-spacer\">\n\t\t\t<div class=\"elementor-spacer-inner\"><\/div>\n\t\t<\/div>\n\t\t\t\t\t\t<\/div>\n\t\t\t\t<\/div>\n\t\t\t\t\t<\/div>\n\t\t<\/div>\n\t\t\t\t<div class=\"elementor-column elementor-col-50 elementor-top-column elementor-element elementor-element-ed5a3ad\" data-id=\"ed5a3ad\" data-element_type=\"column\" data-e-type=\"column\">\n\t\t\t<div class=\"elementor-widget-wrap elementor-element-populated\">\n\t\t\t\t\t\t<div class=\"elementor-element elementor-element-d504813 elementor-widget elementor-widget-image\" data-id=\"d504813\" data-element_type=\"widget\" data-e-type=\"widget\" data-widget_type=\"image.default\">\n\t\t\t\t<div class=\"elementor-widget-container\">\n\t\t\t\t\t\t\t\t\t\t\t\t\t\t\t<img decoding=\"async\" width=\"680\" height=\"682\" src=\"https:\/\/homolog.saopaulo.sp.leg.br\/redecamara\/wp-content\/uploads\/sites\/51\/2024\/11\/tiradentes.jpg\" class=\"attachment-large size-large wp-image-1391\" alt=\"\" srcset=\"https:\/\/homolog.saopaulo.sp.leg.br\/redecamara\/wp-content\/uploads\/sites\/51\/2024\/11\/tiradentes.jpg 798w, https:\/\/homolog.saopaulo.sp.leg.br\/redecamara\/wp-content\/uploads\/sites\/51\/2024\/11\/tiradentes-300x300.jpg 300w, https:\/\/homolog.saopaulo.sp.leg.br\/redecamara\/wp-content\/uploads\/sites\/51\/2024\/11\/tiradentes-150x150.jpg 150w, https:\/\/homolog.saopaulo.sp.leg.br\/redecamara\/wp-content\/uploads\/sites\/51\/2024\/11\/tiradentes-768x770.jpg 768w, https:\/\/homolog.saopaulo.sp.leg.br\/redecamara\/wp-content\/uploads\/sites\/51\/2024\/11\/tiradentes-125x125.jpg 125w\" sizes=\"(max-width: 680px) 100vw, 680px\" \/>\t\t\t\t\t\t\t\t\t\t\t\t\t\t\t<\/div>\n\t\t\t\t<\/div>\n\t\t\t\t<div class=\"elementor-element elementor-element-bfe8782 elementor-widget elementor-widget-text-editor\" data-id=\"bfe8782\" data-element_type=\"widget\" data-e-type=\"widget\" data-widget_type=\"text-editor.default\">\n\t\t\t\t<div class=\"elementor-widget-container\">\n\t\t\t\t\t\t\t\t\t<p>Sala Tiradentes &#8211; C\u00e2mara Municipal de S\u00e3o Paulo<br \/>Foto: Jo\u00e3o Raposo\/Rede C\u00e2mara<\/p>\t\t\t\t\t\t\t\t<\/div>\n\t\t\t\t<\/div>\n\t\t\t\t<div class=\"elementor-element elementor-element-4673829 elementor-widget elementor-widget-image\" data-id=\"4673829\" data-element_type=\"widget\" data-e-type=\"widget\" data-widget_type=\"image.default\">\n\t\t\t\t<div class=\"elementor-widget-container\">\n\t\t\t\t\t\t\t\t\t\t\t\t\t\t\t<img decoding=\"async\" width=\"680\" height=\"454\" src=\"https:\/\/homolog.saopaulo.sp.leg.br\/redecamara\/wp-content\/uploads\/sites\/51\/2024\/11\/sala-tiradentes-placa.jpg\" class=\"attachment-large size-large wp-image-1392\" alt=\"\" srcset=\"https:\/\/homolog.saopaulo.sp.leg.br\/redecamara\/wp-content\/uploads\/sites\/51\/2024\/11\/sala-tiradentes-placa.jpg 799w, https:\/\/homolog.saopaulo.sp.leg.br\/redecamara\/wp-content\/uploads\/sites\/51\/2024\/11\/sala-tiradentes-placa-300x200.jpg 300w, https:\/\/homolog.saopaulo.sp.leg.br\/redecamara\/wp-content\/uploads\/sites\/51\/2024\/11\/sala-tiradentes-placa-768x512.jpg 768w\" sizes=\"(max-width: 680px) 100vw, 680px\" \/>\t\t\t\t\t\t\t\t\t\t\t\t\t\t\t<\/div>\n\t\t\t\t<\/div>\n\t\t\t\t<div class=\"elementor-element elementor-element-c4a5ec6 elementor-widget elementor-widget-text-editor\" data-id=\"c4a5ec6\" data-element_type=\"widget\" data-e-type=\"widget\" data-widget_type=\"text-editor.default\">\n\t\t\t\t<div class=\"elementor-widget-container\">\n\t\t\t\t\t\t\t\t\t<p>Sala Tiradentes &#8211; C\u00e2mara Municipal de S\u00e3o Paulo<br \/>Foto: Jo\u00e3o Raposo\/Rede C\u00e2mara<\/p>\t\t\t\t\t\t\t\t<\/div>\n\t\t\t\t<\/div>\n\t\t\t\t\t<\/div>\n\t\t<\/div>\n\t\t\t\t\t<\/div>\n\t\t<\/section>\n\t\t\t\t<section class=\"elementor-section elementor-top-section elementor-element elementor-element-7661014 elementor-section-full_width elementor-section-content-middle elementor-section-height-default elementor-section-height-default\" data-id=\"7661014\" data-element_type=\"section\" data-e-type=\"section\" data-settings=\"{&quot;background_background&quot;:&quot;classic&quot;,&quot;animation&quot;:&quot;none&quot;}\">\n\t\t\t\t\t\t\t<div class=\"elementor-background-overlay\"><\/div>\n\t\t\t\t\t\t\t<div class=\"elementor-container elementor-column-gap-default\">\n\t\t\t\t\t<div class=\"elementor-column elementor-col-100 elementor-top-column elementor-element elementor-element-ede8cd2\" data-id=\"ede8cd2\" data-element_type=\"column\" data-e-type=\"column\">\n\t\t\t<div class=\"elementor-widget-wrap elementor-element-populated\">\n\t\t\t\t\t\t<div class=\"elementor-element elementor-element-cb2be19 elementor-widget elementor-widget-shortcode\" data-id=\"cb2be19\" data-element_type=\"widget\" data-e-type=\"widget\" data-widget_type=\"shortcode.default\">\n\t\t\t\t<div class=\"elementor-widget-container\">\n\t\t\t\t\t\t\t<div class=\"elementor-shortcode\">    <style>\r\n        \/* CSS for the floating container *\/\r\n        .floating-container {\r\n            position: fixed;\r\n            top: 50%;\r\n            \/* right: 10px; *\/\r\n            transform: translateY(-50%);\r\n            display: flex;\r\n            flex-direction: column;\r\n            gap: 10px;\r\n            z-index: 1000;\r\n            background-color:#1d1d1d;\r\n            padding: 5px;\r\n            border-radius: 10px;\r\n        }\r\n\r\n        \/* Image styles *\/\r\n        .floating-container img {\r\n            width: 40px;\r\n            height: 40px;\r\n            display: block;\r\n            transition: opacity 0.3s ease;\r\n        }\r\n\r\n        \/* Hover effect for images *\/\r\n        .floating-container img:hover {\r\n            opacity: 0.7;\r\n        }\r\n\r\n        \/* Responsive adjustments *\/\r\n        @media (max-width: 768px) {\r\n            .floating-container {\r\n                \/* right: 5px; *\/ \r\n                gap: 10px;\r\n            }\r\n\r\n            .floating-container img {\r\n                width: 30px;\r\n                height: 30px;\r\n            }\r\n        }\r\n\r\n        @media (max-width: 480px) {\r\n            .floating-container {\r\n                \/* right: 2px; *\/\r\n                gap: 8px;\r\n            }\r\n\r\n            .floating-container img {\r\n                width: 30px;\r\n                height: 30px;\r\n            }\r\n        }\r\n    <\/style>\r\n\r\n    <!-- HTML for the floating container -->\r\n    <div class=\"floating-container\">\r\n        <a href=\"https:\/\/homolog.saopaulo.sp.leg.br\/\"><img decoding=\"async\" src=\"https:\/\/homolog.saopaulo.sp.leg.br\/redecamara\/wp-content\/uploads\/sites\/51\/2025\/01\/site-camara.png\" alt=\"Site C\u00e2mara de S\u00e3o Paulo\"><\/a>\r\n        <a href=\"https:\/\/www.instagram.com\/camarasaopaulo\"><img decoding=\"async\" src=\"https:\/\/homolog.saopaulo.sp.leg.br\/redecamara\/wp-content\/uploads\/sites\/51\/2025\/01\/instagram.png\" alt=\"Instagram\"><\/a>\r\n        <a href=\"https:\/\/www.facebook.com\/camarasaopaulo\"><img decoding=\"async\" src=\"https:\/\/homolog.saopaulo.sp.leg.br\/redecamara\/wp-content\/uploads\/sites\/51\/2025\/01\/facebook.png\" alt=\"Facebook\"><\/a>\r\n        <a href=\"https:\/\/x.com\/camarasaopaulo\/\"><img decoding=\"async\" src=\"https:\/\/homolog.saopaulo.sp.leg.br\/redecamara\/wp-content\/uploads\/sites\/51\/2025\/01\/x.png\" alt=\"X\"><\/a>\r\n        <a href=\"https:\/\/www.youtube.com\/@camarasaopaulo\"><img decoding=\"async\" src=\"https:\/\/homolog.saopaulo.sp.leg.br\/redecamara\/wp-content\/uploads\/sites\/51\/2025\/01\/youtube.png\" alt=\"C\u00e2mara Municipal de S\u00e3o Paulo\"><\/a>\r\n        <a href=\"https:\/\/www.flickr.com\/photos\/131078419@N07\/\"><img decoding=\"async\" src=\"https:\/\/homolog.saopaulo.sp.leg.br\/redecamara\/wp-content\/uploads\/sites\/51\/2025\/01\/flicker.png\" alt=\"Flickr\"><\/a>\r\n        <a href=\"https:\/\/soundcloud.com\/webradiocamarasaopaulo\"><img decoding=\"async\" src=\"https:\/\/homolog.saopaulo.sp.leg.br\/redecamara\/wp-content\/uploads\/sites\/51\/2025\/01\/soundcloud.png\" alt=\"Podcast Soundcloud\"><\/a>\r\n        <a href=\"https:\/\/www.linkedin.com\/company\/camarasaopaulooficial\/\"><img decoding=\"async\" src=\"https:\/\/homolog.saopaulo.sp.leg.br\/redecamara\/wp-content\/uploads\/sites\/51\/2025\/01\/linkedin.png\" alt=\"Linkedin\"><\/a>\r\n        <a href=\"https:\/\/homolog.saopaulo.sp.leg.br\/redecamara\/\"><img decoding=\"async\" src=\"https:\/\/homolog.saopaulo.sp.leg.br\/redecamara\/wp-content\/uploads\/sites\/51\/2025\/01\/tv-digital.png\" alt=\"TV Digital 8.3 Ao Vivo\"><\/a>\r\n        <a href=\"https:\/\/homolog.saopaulo.sp.leg.br\/comunicacao\/camaraemacao\/\"><img decoding=\"async\" src=\"https:\/\/homolog.saopaulo.sp.leg.br\/redecamara\/wp-content\/uploads\/sites\/51\/2025\/01\/newsletter.png\" alt=\"Boletim Semanal\"><\/a>\r\n    <\/div>\r\n    <\/div>\n\t\t\t\t\t\t<\/div>\n\t\t\t\t<\/div>\n\t\t\t\t<div class=\"elementor-element elementor-element-8f8ad22 elementor-widget elementor-widget-heading\" data-id=\"8f8ad22\" data-element_type=\"widget\" data-e-type=\"widget\" data-widget_type=\"heading.default\">\n\t\t\t\t<div class=\"elementor-widget-container\">\n\t\t\t\t\t<h3 class=\"elementor-heading-title elementor-size-default\"> Veja tamb\u00e9m<\/h3>\t\t\t\t<\/div>\n\t\t\t\t<\/div>\n\t\t\t\t<div class=\"elementor-element elementor-element-4058924 elementor-widget-divider--view-line elementor-widget elementor-widget-divider\" data-id=\"4058924\" data-element_type=\"widget\" data-e-type=\"widget\" data-widget_type=\"divider.default\">\n\t\t\t\t<div class=\"elementor-widget-container\">\n\t\t\t\t\t\t\t<div class=\"elementor-divider\">\n\t\t\t<span class=\"elementor-divider-separator\">\n\t\t\t\t\t\t<\/span>\n\t\t<\/div>\n\t\t\t\t\t\t<\/div>\n\t\t\t\t<\/div>\n\t\t\t\t<section class=\"elementor-section elementor-inner-section elementor-element elementor-element-7ce57f6 elementor-section-full_width elementor-section-height-min-height elementor-section-content-bottom elementor-section-height-default\" data-id=\"7ce57f6\" data-element_type=\"section\" data-e-type=\"section\">\n\t\t\t\t\t\t<div class=\"elementor-container elementor-column-gap-default\">\n\t\t\t\t\t<div class=\"elementor-column elementor-col-14 elementor-inner-column elementor-element elementor-element-529da0d\" data-id=\"529da0d\" data-element_type=\"column\" data-e-type=\"column\" data-settings=\"{&quot;background_background&quot;:&quot;classic&quot;}\">\n\t\t\t<div class=\"elementor-widget-wrap elementor-element-populated\">\n\t\t\t\t\t<div class=\"elementor-background-overlay\"><\/div>\n\t\t\t\t\t\t<div class=\"elementor-element elementor-element-912d137 e-transform elementor-widget elementor-widget-heading\" data-id=\"912d137\" data-element_type=\"widget\" data-e-type=\"widget\" data-settings=\"{&quot;_transform_translateY_effect_hover&quot;:{&quot;unit&quot;:&quot;%&quot;,&quot;size&quot;:&quot;-15&quot;,&quot;sizes&quot;:[]},&quot;_transform_translateY_effect_hover_tablet&quot;:{&quot;unit&quot;:&quot;%&quot;,&quot;size&quot;:&quot;&quot;,&quot;sizes&quot;:[]},&quot;_transform_translateY_effect_hover_mobile&quot;:{&quot;unit&quot;:&quot;%&quot;,&quot;size&quot;:&quot;&quot;,&quot;sizes&quot;:[]},&quot;_transform_translateX_effect_hover&quot;:{&quot;unit&quot;:&quot;px&quot;,&quot;size&quot;:&quot;&quot;,&quot;sizes&quot;:[]},&quot;_transform_translateX_effect_hover_tablet&quot;:{&quot;unit&quot;:&quot;px&quot;,&quot;size&quot;:&quot;&quot;,&quot;sizes&quot;:[]},&quot;_transform_translateX_effect_hover_mobile&quot;:{&quot;unit&quot;:&quot;px&quot;,&quot;size&quot;:&quot;&quot;,&quot;sizes&quot;:[]}}\" data-widget_type=\"heading.default\">\n\t\t\t\t<div class=\"elementor-widget-container\">\n\t\t\t\t\t<h4 class=\"elementor-heading-title elementor-size-default\"><a href=\"https:\/\/homolog.saopaulo.sp.leg.br\/redecamara\/auditorios\/prestes-maia\">Audit\u00f3rio <br>Prestes Maia<\/a><\/h4>\t\t\t\t<\/div>\n\t\t\t\t<\/div>\n\t\t\t\t<div class=\"elementor-element elementor-element-17f497e elementor-widget-divider--view-line elementor-widget elementor-widget-divider\" data-id=\"17f497e\" data-element_type=\"widget\" data-e-type=\"widget\" data-widget_type=\"divider.default\">\n\t\t\t\t<div class=\"elementor-widget-container\">\n\t\t\t\t\t\t\t<div class=\"elementor-divider\">\n\t\t\t<span class=\"elementor-divider-separator\">\n\t\t\t\t\t\t<\/span>\n\t\t<\/div>\n\t\t\t\t\t\t<\/div>\n\t\t\t\t<\/div>\n\t\t\t\t\t<\/div>\n\t\t<\/div>\n\t\t\t\t<div class=\"elementor-column elementor-col-14 elementor-inner-column elementor-element elementor-element-5fd1656\" data-id=\"5fd1656\" data-element_type=\"column\" data-e-type=\"column\" data-settings=\"{&quot;background_background&quot;:&quot;classic&quot;}\">\n\t\t\t<div class=\"elementor-widget-wrap elementor-element-populated\">\n\t\t\t\t\t<div class=\"elementor-background-overlay\"><\/div>\n\t\t\t\t\t\t<div class=\"elementor-element elementor-element-7a1f246 e-transform e-transform elementor-widget elementor-widget-heading\" data-id=\"7a1f246\" data-element_type=\"widget\" data-e-type=\"widget\" data-settings=\"{&quot;_transform_translateY_effect&quot;:{&quot;unit&quot;:&quot;%&quot;,&quot;size&quot;:&quot;&quot;,&quot;sizes&quot;:[]},&quot;_transform_translateY_effect_tablet&quot;:{&quot;unit&quot;:&quot;%&quot;,&quot;size&quot;:&quot;&quot;,&quot;sizes&quot;:[]},&quot;_transform_translateY_effect_mobile&quot;:{&quot;unit&quot;:&quot;%&quot;,&quot;size&quot;:&quot;&quot;,&quot;sizes&quot;:[]},&quot;_transform_translateY_effect_hover&quot;:{&quot;unit&quot;:&quot;%&quot;,&quot;size&quot;:&quot;-15&quot;,&quot;sizes&quot;:[]},&quot;_transform_translateY_effect_hover_tablet&quot;:{&quot;unit&quot;:&quot;%&quot;,&quot;size&quot;:&quot;&quot;,&quot;sizes&quot;:[]},&quot;_transform_translateY_effect_hover_mobile&quot;:{&quot;unit&quot;:&quot;%&quot;,&quot;size&quot;:&quot;&quot;,&quot;sizes&quot;:[]},&quot;_transform_translateX_effect&quot;:{&quot;unit&quot;:&quot;px&quot;,&quot;size&quot;:&quot;&quot;,&quot;sizes&quot;:[]},&quot;_transform_translateX_effect_tablet&quot;:{&quot;unit&quot;:&quot;px&quot;,&quot;size&quot;:&quot;&quot;,&quot;sizes&quot;:[]},&quot;_transform_translateX_effect_mobile&quot;:{&quot;unit&quot;:&quot;px&quot;,&quot;size&quot;:&quot;&quot;,&quot;sizes&quot;:[]},&quot;_transform_translateX_effect_hover&quot;:{&quot;unit&quot;:&quot;px&quot;,&quot;size&quot;:&quot;&quot;,&quot;sizes&quot;:[]},&quot;_transform_translateX_effect_hover_tablet&quot;:{&quot;unit&quot;:&quot;px&quot;,&quot;size&quot;:&quot;&quot;,&quot;sizes&quot;:[]},&quot;_transform_translateX_effect_hover_mobile&quot;:{&quot;unit&quot;:&quot;px&quot;,&quot;size&quot;:&quot;&quot;,&quot;sizes&quot;:[]}}\" data-widget_type=\"heading.default\">\n\t\t\t\t<div class=\"elementor-widget-container\">\n\t\t\t\t\t<h4 class=\"elementor-heading-title elementor-size-default\"><a href=\"https:\/\/homolog.saopaulo.sp.leg.br\/redecamara\/auditorios\/sergio-vieira-de-mello\">Sala <br>S\u00e9rgio Vieira de Melo<\/a><\/h4>\t\t\t\t<\/div>\n\t\t\t\t<\/div>\n\t\t\t\t<div class=\"elementor-element elementor-element-5e13d8f elementor-widget-divider--view-line elementor-widget elementor-widget-divider\" data-id=\"5e13d8f\" data-element_type=\"widget\" data-e-type=\"widget\" data-widget_type=\"divider.default\">\n\t\t\t\t<div class=\"elementor-widget-container\">\n\t\t\t\t\t\t\t<div class=\"elementor-divider\">\n\t\t\t<span class=\"elementor-divider-separator\">\n\t\t\t\t\t\t<\/span>\n\t\t<\/div>\n\t\t\t\t\t\t<\/div>\n\t\t\t\t<\/div>\n\t\t\t\t\t<\/div>\n\t\t<\/div>\n\t\t\t\t<div class=\"elementor-column elementor-col-14 elementor-inner-column elementor-element elementor-element-5fa30cf\" data-id=\"5fa30cf\" data-element_type=\"column\" data-e-type=\"column\" data-settings=\"{&quot;background_background&quot;:&quot;classic&quot;}\">\n\t\t\t<div class=\"elementor-widget-wrap elementor-element-populated\">\n\t\t\t\t\t<div class=\"elementor-background-overlay\"><\/div>\n\t\t\t\t\t\t<div class=\"elementor-element elementor-element-faf3eff e-transform elementor-widget elementor-widget-heading\" data-id=\"faf3eff\" data-element_type=\"widget\" data-e-type=\"widget\" data-settings=\"{&quot;_transform_translateY_effect_hover&quot;:{&quot;unit&quot;:&quot;%&quot;,&quot;size&quot;:&quot;-15&quot;,&quot;sizes&quot;:[]},&quot;_transform_translateY_effect_hover_tablet&quot;:{&quot;unit&quot;:&quot;%&quot;,&quot;size&quot;:&quot;&quot;,&quot;sizes&quot;:[]},&quot;_transform_translateY_effect_hover_mobile&quot;:{&quot;unit&quot;:&quot;%&quot;,&quot;size&quot;:&quot;&quot;,&quot;sizes&quot;:[]},&quot;_transform_translateX_effect_hover&quot;:{&quot;unit&quot;:&quot;px&quot;,&quot;size&quot;:&quot;&quot;,&quot;sizes&quot;:[]},&quot;_transform_translateX_effect_hover_tablet&quot;:{&quot;unit&quot;:&quot;px&quot;,&quot;size&quot;:&quot;&quot;,&quot;sizes&quot;:[]},&quot;_transform_translateX_effect_hover_mobile&quot;:{&quot;unit&quot;:&quot;px&quot;,&quot;size&quot;:&quot;&quot;,&quot;sizes&quot;:[]}}\" data-widget_type=\"heading.default\">\n\t\t\t\t<div class=\"elementor-widget-container\">\n\t\t\t\t\t<h4 class=\"elementor-heading-title elementor-size-default\"><a href=\"https:\/\/homolog.saopaulo.sp.leg.br\/redecamara\/auditorios\/luiz-tenorio-de-lima\">Sala<br> Luiz Ten\u00f3rio de Lima<\/a><\/h4>\t\t\t\t<\/div>\n\t\t\t\t<\/div>\n\t\t\t\t<div class=\"elementor-element elementor-element-d05730e elementor-widget-divider--view-line elementor-widget elementor-widget-divider\" data-id=\"d05730e\" data-element_type=\"widget\" data-e-type=\"widget\" data-widget_type=\"divider.default\">\n\t\t\t\t<div class=\"elementor-widget-container\">\n\t\t\t\t\t\t\t<div class=\"elementor-divider\">\n\t\t\t<span class=\"elementor-divider-separator\">\n\t\t\t\t\t\t<\/span>\n\t\t<\/div>\n\t\t\t\t\t\t<\/div>\n\t\t\t\t<\/div>\n\t\t\t\t\t<\/div>\n\t\t<\/div>\n\t\t\t\t<div class=\"elementor-column elementor-col-14 elementor-inner-column elementor-element elementor-element-6421089\" data-id=\"6421089\" data-element_type=\"column\" data-e-type=\"column\" data-settings=\"{&quot;background_background&quot;:&quot;classic&quot;}\">\n\t\t\t<div class=\"elementor-widget-wrap elementor-element-populated\">\n\t\t\t\t\t<div class=\"elementor-background-overlay\"><\/div>\n\t\t\t\t\t\t<div class=\"elementor-element elementor-element-7de5959 e-transform e-transform elementor-widget elementor-widget-heading\" data-id=\"7de5959\" data-element_type=\"widget\" data-e-type=\"widget\" data-settings=\"{&quot;_transform_translateY_effect_hover&quot;:{&quot;unit&quot;:&quot;%&quot;,&quot;size&quot;:&quot;-15&quot;,&quot;sizes&quot;:[]},&quot;_transform_translateY_effect_hover_tablet&quot;:{&quot;unit&quot;:&quot;%&quot;,&quot;size&quot;:&quot;&quot;,&quot;sizes&quot;:[]},&quot;_transform_translateY_effect_hover_mobile&quot;:{&quot;unit&quot;:&quot;%&quot;,&quot;size&quot;:&quot;&quot;,&quot;sizes&quot;:[]},&quot;_transform_translateX_effect&quot;:{&quot;unit&quot;:&quot;px&quot;,&quot;size&quot;:&quot;&quot;,&quot;sizes&quot;:[]},&quot;_transform_translateX_effect_tablet&quot;:{&quot;unit&quot;:&quot;px&quot;,&quot;size&quot;:&quot;&quot;,&quot;sizes&quot;:[]},&quot;_transform_translateX_effect_mobile&quot;:{&quot;unit&quot;:&quot;px&quot;,&quot;size&quot;:&quot;&quot;,&quot;sizes&quot;:[]},&quot;_transform_translateY_effect&quot;:{&quot;unit&quot;:&quot;px&quot;,&quot;size&quot;:&quot;&quot;,&quot;sizes&quot;:[]},&quot;_transform_translateY_effect_tablet&quot;:{&quot;unit&quot;:&quot;px&quot;,&quot;size&quot;:&quot;&quot;,&quot;sizes&quot;:[]},&quot;_transform_translateY_effect_mobile&quot;:{&quot;unit&quot;:&quot;px&quot;,&quot;size&quot;:&quot;&quot;,&quot;sizes&quot;:[]},&quot;_transform_translateX_effect_hover&quot;:{&quot;unit&quot;:&quot;px&quot;,&quot;size&quot;:&quot;&quot;,&quot;sizes&quot;:[]},&quot;_transform_translateX_effect_hover_tablet&quot;:{&quot;unit&quot;:&quot;px&quot;,&quot;size&quot;:&quot;&quot;,&quot;sizes&quot;:[]},&quot;_transform_translateX_effect_hover_mobile&quot;:{&quot;unit&quot;:&quot;px&quot;,&quot;size&quot;:&quot;&quot;,&quot;sizes&quot;:[]}}\" data-widget_type=\"heading.default\">\n\t\t\t\t<div class=\"elementor-widget-container\">\n\t\t\t\t\t<h4 class=\"elementor-heading-title elementor-size-default\"><a href=\"https:\/\/homolog.saopaulo.sp.leg.br\/redecamara\/auditorios\/oscar-predroso-horta\">Sala <br>Oscar Pedroso Horta<\/a><\/h4>\t\t\t\t<\/div>\n\t\t\t\t<\/div>\n\t\t\t\t<div class=\"elementor-element elementor-element-4a32eaa elementor-widget-divider--view-line elementor-widget elementor-widget-divider\" data-id=\"4a32eaa\" data-element_type=\"widget\" data-e-type=\"widget\" data-widget_type=\"divider.default\">\n\t\t\t\t<div class=\"elementor-widget-container\">\n\t\t\t\t\t\t\t<div class=\"elementor-divider\">\n\t\t\t<span class=\"elementor-divider-separator\">\n\t\t\t\t\t\t<\/span>\n\t\t<\/div>\n\t\t\t\t\t\t<\/div>\n\t\t\t\t<\/div>\n\t\t\t\t\t<\/div>\n\t\t<\/div>\n\t\t\t\t<div class=\"elementor-column elementor-col-14 elementor-inner-column elementor-element elementor-element-0c9e467\" data-id=\"0c9e467\" data-element_type=\"column\" data-e-type=\"column\" data-settings=\"{&quot;background_background&quot;:&quot;classic&quot;}\">\n\t\t\t<div class=\"elementor-widget-wrap elementor-element-populated\">\n\t\t\t\t\t<div class=\"elementor-background-overlay\"><\/div>\n\t\t\t\t\t\t<div class=\"elementor-element elementor-element-97ddbfa e-transform e-transform elementor-widget elementor-widget-heading\" data-id=\"97ddbfa\" data-element_type=\"widget\" data-e-type=\"widget\" data-settings=\"{&quot;_transform_translateY_effect&quot;:{&quot;unit&quot;:&quot;%&quot;,&quot;size&quot;:&quot;&quot;,&quot;sizes&quot;:[]},&quot;_transform_translateY_effect_tablet&quot;:{&quot;unit&quot;:&quot;%&quot;,&quot;size&quot;:&quot;&quot;,&quot;sizes&quot;:[]},&quot;_transform_translateY_effect_mobile&quot;:{&quot;unit&quot;:&quot;%&quot;,&quot;size&quot;:&quot;&quot;,&quot;sizes&quot;:[]},&quot;_transform_translateY_effect_hover&quot;:{&quot;unit&quot;:&quot;%&quot;,&quot;size&quot;:&quot;-15&quot;,&quot;sizes&quot;:[]},&quot;_transform_translateY_effect_hover_tablet&quot;:{&quot;unit&quot;:&quot;%&quot;,&quot;size&quot;:&quot;&quot;,&quot;sizes&quot;:[]},&quot;_transform_translateY_effect_hover_mobile&quot;:{&quot;unit&quot;:&quot;%&quot;,&quot;size&quot;:&quot;&quot;,&quot;sizes&quot;:[]},&quot;_transform_translateX_effect&quot;:{&quot;unit&quot;:&quot;px&quot;,&quot;size&quot;:&quot;&quot;,&quot;sizes&quot;:[]},&quot;_transform_translateX_effect_tablet&quot;:{&quot;unit&quot;:&quot;px&quot;,&quot;size&quot;:&quot;&quot;,&quot;sizes&quot;:[]},&quot;_transform_translateX_effect_mobile&quot;:{&quot;unit&quot;:&quot;px&quot;,&quot;size&quot;:&quot;&quot;,&quot;sizes&quot;:[]},&quot;_transform_translateX_effect_hover&quot;:{&quot;unit&quot;:&quot;px&quot;,&quot;size&quot;:&quot;&quot;,&quot;sizes&quot;:[]},&quot;_transform_translateX_effect_hover_tablet&quot;:{&quot;unit&quot;:&quot;px&quot;,&quot;size&quot;:&quot;&quot;,&quot;sizes&quot;:[]},&quot;_transform_translateX_effect_hover_mobile&quot;:{&quot;unit&quot;:&quot;px&quot;,&quot;size&quot;:&quot;&quot;,&quot;sizes&quot;:[]}}\" data-widget_type=\"heading.default\">\n\t\t\t\t<div class=\"elementor-widget-container\">\n\t\t\t\t\t<h4 class=\"elementor-heading-title elementor-size-default\"><a href=\"https:\/\/homolog.saopaulo.sp.leg.br\/redecamara\/auditorios\/freitas-nobre\">Audit\u00f3rio <br> Freitas Nobre<\/a><\/h4>\t\t\t\t<\/div>\n\t\t\t\t<\/div>\n\t\t\t\t<div class=\"elementor-element elementor-element-0c22c52 elementor-widget-divider--view-line elementor-widget elementor-widget-divider\" data-id=\"0c22c52\" data-element_type=\"widget\" data-e-type=\"widget\" data-widget_type=\"divider.default\">\n\t\t\t\t<div class=\"elementor-widget-container\">\n\t\t\t\t\t\t\t<div class=\"elementor-divider\">\n\t\t\t<span class=\"elementor-divider-separator\">\n\t\t\t\t\t\t<\/span>\n\t\t<\/div>\n\t\t\t\t\t\t<\/div>\n\t\t\t\t<\/div>\n\t\t\t\t\t<\/div>\n\t\t<\/div>\n\t\t\t\t<div class=\"elementor-column elementor-col-14 elementor-inner-column elementor-element elementor-element-cb0a32a\" data-id=\"cb0a32a\" data-element_type=\"column\" data-e-type=\"column\" data-settings=\"{&quot;background_background&quot;:&quot;classic&quot;}\">\n\t\t\t<div class=\"elementor-widget-wrap elementor-element-populated\">\n\t\t\t\t\t<div class=\"elementor-background-overlay\"><\/div>\n\t\t\t\t\t\t<div class=\"elementor-element elementor-element-9a0b2cb e-transform elementor-widget elementor-widget-heading\" data-id=\"9a0b2cb\" data-element_type=\"widget\" data-e-type=\"widget\" data-settings=\"{&quot;_transform_translateY_effect_hover&quot;:{&quot;unit&quot;:&quot;%&quot;,&quot;size&quot;:&quot;-15&quot;,&quot;sizes&quot;:[]},&quot;_transform_translateY_effect_hover_tablet&quot;:{&quot;unit&quot;:&quot;%&quot;,&quot;size&quot;:&quot;&quot;,&quot;sizes&quot;:[]},&quot;_transform_translateY_effect_hover_mobile&quot;:{&quot;unit&quot;:&quot;%&quot;,&quot;size&quot;:&quot;&quot;,&quot;sizes&quot;:[]},&quot;_transform_translateX_effect_hover&quot;:{&quot;unit&quot;:&quot;px&quot;,&quot;size&quot;:&quot;&quot;,&quot;sizes&quot;:[]},&quot;_transform_translateX_effect_hover_tablet&quot;:{&quot;unit&quot;:&quot;px&quot;,&quot;size&quot;:&quot;&quot;,&quot;sizes&quot;:[]},&quot;_transform_translateX_effect_hover_mobile&quot;:{&quot;unit&quot;:&quot;px&quot;,&quot;size&quot;:&quot;&quot;,&quot;sizes&quot;:[]}}\" data-widget_type=\"heading.default\">\n\t\t\t\t<div class=\"elementor-widget-container\">\n\t\t\t\t\t<h4 class=\"elementor-heading-title elementor-size-default\"><a href=\"https:\/\/homolog.saopaulo.sp.leg.br\/redecamara\/auditorios\/1-de-maio\">Plen\u00e1rio <br>\n1\u00ba de Maio<\/a><\/h4>\t\t\t\t<\/div>\n\t\t\t\t<\/div>\n\t\t\t\t<div class=\"elementor-element elementor-element-d3bd810 elementor-widget-divider--view-line elementor-widget elementor-widget-divider\" data-id=\"d3bd810\" data-element_type=\"widget\" data-e-type=\"widget\" data-widget_type=\"divider.default\">\n\t\t\t\t<div class=\"elementor-widget-container\">\n\t\t\t\t\t\t\t<div class=\"elementor-divider\">\n\t\t\t<span class=\"elementor-divider-separator\">\n\t\t\t\t\t\t<\/span>\n\t\t<\/div>\n\t\t\t\t\t\t<\/div>\n\t\t\t\t<\/div>\n\t\t\t\t\t<\/div>\n\t\t<\/div>\n\t\t\t\t<div class=\"elementor-column elementor-col-14 elementor-inner-column elementor-element elementor-element-7684627\" data-id=\"7684627\" data-element_type=\"column\" data-e-type=\"column\" data-settings=\"{&quot;background_background&quot;:&quot;classic&quot;}\">\n\t\t\t<div class=\"elementor-widget-wrap elementor-element-populated\">\n\t\t\t\t\t<div class=\"elementor-background-overlay\"><\/div>\n\t\t\t\t\t\t<div class=\"elementor-element elementor-element-78581fb e-transform e-transform elementor-widget elementor-widget-heading\" data-id=\"78581fb\" data-element_type=\"widget\" data-e-type=\"widget\" data-settings=\"{&quot;_transform_translateY_effect_hover&quot;:{&quot;unit&quot;:&quot;%&quot;,&quot;size&quot;:&quot;-15&quot;,&quot;sizes&quot;:[]},&quot;_transform_translateY_effect_hover_tablet&quot;:{&quot;unit&quot;:&quot;%&quot;,&quot;size&quot;:&quot;&quot;,&quot;sizes&quot;:[]},&quot;_transform_translateY_effect_hover_mobile&quot;:{&quot;unit&quot;:&quot;%&quot;,&quot;size&quot;:&quot;&quot;,&quot;sizes&quot;:[]},&quot;_transform_translateX_effect&quot;:{&quot;unit&quot;:&quot;px&quot;,&quot;size&quot;:&quot;&quot;,&quot;sizes&quot;:[]},&quot;_transform_translateX_effect_tablet&quot;:{&quot;unit&quot;:&quot;px&quot;,&quot;size&quot;:&quot;&quot;,&quot;sizes&quot;:[]},&quot;_transform_translateX_effect_mobile&quot;:{&quot;unit&quot;:&quot;px&quot;,&quot;size&quot;:&quot;&quot;,&quot;sizes&quot;:[]},&quot;_transform_translateY_effect&quot;:{&quot;unit&quot;:&quot;px&quot;,&quot;size&quot;:&quot;&quot;,&quot;sizes&quot;:[]},&quot;_transform_translateY_effect_tablet&quot;:{&quot;unit&quot;:&quot;px&quot;,&quot;size&quot;:&quot;&quot;,&quot;sizes&quot;:[]},&quot;_transform_translateY_effect_mobile&quot;:{&quot;unit&quot;:&quot;px&quot;,&quot;size&quot;:&quot;&quot;,&quot;sizes&quot;:[]},&quot;_transform_translateX_effect_hover&quot;:{&quot;unit&quot;:&quot;px&quot;,&quot;size&quot;:&quot;&quot;,&quot;sizes&quot;:[]},&quot;_transform_translateX_effect_hover_tablet&quot;:{&quot;unit&quot;:&quot;px&quot;,&quot;size&quot;:&quot;&quot;,&quot;sizes&quot;:[]},&quot;_transform_translateX_effect_hover_mobile&quot;:{&quot;unit&quot;:&quot;px&quot;,&quot;size&quot;:&quot;&quot;,&quot;sizes&quot;:[]}}\" data-widget_type=\"heading.default\">\n\t\t\t\t<div class=\"elementor-widget-container\">\n\t\t\t\t\t<h4 class=\"elementor-heading-title elementor-size-default\"><a href=\"https:\/\/homolog.saopaulo.sp.leg.br\/redecamara\/auditorios\/presidente-joao-brasil-vita\">Sal\u00e3o Nobre <br> Presidente Jo\u00e3o Brasil Vita<\/a><\/h4>\t\t\t\t<\/div>\n\t\t\t\t<\/div>\n\t\t\t\t<div class=\"elementor-element elementor-element-89a7510 elementor-widget-divider--view-line elementor-widget elementor-widget-divider\" data-id=\"89a7510\" data-element_type=\"widget\" data-e-type=\"widget\" data-widget_type=\"divider.default\">\n\t\t\t\t<div class=\"elementor-widget-container\">\n\t\t\t\t\t\t\t<div class=\"elementor-divider\">\n\t\t\t<span class=\"elementor-divider-separator\">\n\t\t\t\t\t\t<\/span>\n\t\t<\/div>\n\t\t\t\t\t\t<\/div>\n\t\t\t\t<\/div>\n\t\t\t\t\t<\/div>\n\t\t<\/div>\n\t\t\t\t\t<\/div>\n\t\t<\/section>\n\t\t\t\t\t<\/div>\n\t\t<\/div>\n\t\t\t\t\t<\/div>\n\t\t<\/section>\n\t\t\t\t<section class=\"elementor-section elementor-top-section elementor-element elementor-element-14eddbd elementor-section-full_width elementor-hidden-desktop elementor-hidden-tablet elementor-hidden-mobile elementor-section-height-default elementor-section-height-default\" data-id=\"14eddbd\" data-element_type=\"section\" data-e-type=\"section\" data-settings=\"{&quot;background_background&quot;:&quot;classic&quot;}\">\n\t\t\t\t\t\t<div class=\"elementor-container elementor-column-gap-default\">\n\t\t\t\t\t<div class=\"elementor-column elementor-col-100 elementor-top-column elementor-element elementor-element-5b8bc9a6\" data-id=\"5b8bc9a6\" data-element_type=\"column\" data-e-type=\"column\">\n\t\t\t<div class=\"elementor-widget-wrap elementor-element-populated\">\n\t\t\t\t\t\t<div class=\"elementor-element elementor-element-64c8a1dc elementor-widget elementor-widget-spacer\" data-id=\"64c8a1dc\" data-element_type=\"widget\" data-e-type=\"widget\" data-widget_type=\"spacer.default\">\n\t\t\t\t<div class=\"elementor-widget-container\">\n\t\t\t\t\t\t\t<div class=\"elementor-spacer\">\n\t\t\t<div class=\"elementor-spacer-inner\"><\/div>\n\t\t<\/div>\n\t\t\t\t\t\t<\/div>\n\t\t\t\t<\/div>\n\t\t\t\t<div class=\"elementor-element elementor-element-37aa724c elementor-widget elementor-widget-heading\" data-id=\"37aa724c\" data-element_type=\"widget\" data-e-type=\"widget\" data-widget_type=\"heading.default\">\n\t\t\t\t<div class=\"elementor-widget-container\">\n\t\t\t\t\t<h3 class=\"elementor-heading-title elementor-size-default\">Not\u00edcias Relacionadas<\/h3>\t\t\t\t<\/div>\n\t\t\t\t<\/div>\n\t\t\t\t<div class=\"elementor-element elementor-element-7cf9dd2 elementor-widget-divider--view-line elementor-widget elementor-widget-divider\" data-id=\"7cf9dd2\" data-element_type=\"widget\" data-e-type=\"widget\" data-widget_type=\"divider.default\">\n\t\t\t\t<div class=\"elementor-widget-container\">\n\t\t\t\t\t\t\t<div class=\"elementor-divider\">\n\t\t\t<span class=\"elementor-divider-separator\">\n\t\t\t\t\t\t<\/span>\n\t\t<\/div>\n\t\t\t\t\t\t<\/div>\n\t\t\t\t<\/div>\n\t\t\t\t<div class=\"elementor-element elementor-element-5ef1ca4 elementor-widget elementor-widget-text-editor\" data-id=\"5ef1ca4\" data-element_type=\"widget\" data-e-type=\"widget\" data-widget_type=\"text-editor.default\">\n\t\t\t\t<div class=\"elementor-widget-container\">\n\t\t\t\t\t\t\t\t\t<p>\t\t\t<div \n\t\t\tclass=\"yotu-playlist yotuwp yotu-limit-min   yotu-thumb-169  yotu-template-grid\" \n\t\t\tdata-page=\"1\"\n\t\t\tid=\"yotuwp-6a9a7fa43992d\"\n\t\t\tdata-yotu=\"modal\"\n\t\t\tdata-total=\"497\"\n\t\t\tdata-settings=\"eyJ0eXBlIjoicGxheWxpc3QiLCJpZCI6IlBMWXQzYTBmOXdqQ2tfWHdTMlJCT2lwSlZhTmE2bGlyaHEiLCJwYWdpbmF0aW9uIjoib24iLCJwYWdpdHlwZSI6ImxvYWRtb3JlIiwiY29sdW1uIjoiNSIsInBlcl9wYWdlIjoiMTAiLCJ0ZW1wbGF0ZSI6ImdyaWQiLCJ0aXRsZSI6Im9mZiIsImRlc2NyaXB0aW9uIjoib2ZmIiwidGh1bWJyYXRpbyI6IjE2OSIsIm1ldGEiOiJvZmYiLCJtZXRhX2RhdGEiOiJvZmYiLCJtZXRhX3Bvc2l0aW9uIjoib2ZmIiwiZGF0ZV9mb3JtYXQiOiJvZmYiLCJtZXRhX2FsaWduIjoib2ZmIiwic3Vic2NyaWJlIjoib2ZmIiwiZHVyYXRpb24iOiJvZmYiLCJtZXRhX2ljb24iOiJvZmYiLCJuZXh0dGV4dCI6IiIsInByZXZ0ZXh0IjoiIiwibG9hZG1vcmV0ZXh0IjoiIiwicGxheWVyIjp7Im1vZGUiOiJwb3B1cCIsIndpZHRoIjoiOTAwIiwic2Nyb2xsaW5nIjoiMTAwIiwiYXV0b3BsYXkiOjAsImNvbnRyb2xzIjoxLCJtb2Rlc3RicmFuZGluZyI6MSwibG9vcCI6MCwiYXV0b25leHQiOjAsInNob3dpbmZvIjoxLCJyZWwiOjEsInBsYXlpbmciOjAsInBsYXlpbmdfZGVzY3JpcHRpb24iOjAsInRodW1ibmFpbHMiOjEsImNjX2xvYWRfcG9saWN5IjoiMSIsImNjX2xhbmdfcHJlZiI6IjEiLCJobCI6IlBUIiwiaXZfbG9hZF9wb2xpY3kiOiIxIiwiYW1wO3JlbCI6MH0sImxhc3RfdGFiIjoicHJlbWl1bSIsInVzZV9hc19tb2RhbCI6Im9mZiIsIm1vZGFsX2lkIjoib2ZmIiwibGFzdF91cGRhdGUiOiIxNjY2MjEzMzc0Iiwic3R5bGluZyI6eyJwYWdlcl9sYXlvdXQiOiJkZWZhdWx0IiwiYnV0dG9uIjoiMSIsImJ1dHRvbl9jb2xvciI6IiIsImJ1dHRvbl9iZ19jb2xvciI6IiIsImJ1dHRvbl9jb2xvcl9ob3ZlciI6IiIsImJ1dHRvbl9iZ19jb2xvcl9ob3ZlciI6IiIsInZpZGVvX3N0eWxlIjoiIiwicGxheWljb25fY29sb3IiOiIiLCJob3Zlcl9pY29uIjoiIiwiZ2FsbGVyeV9iZyI6IiJ9LCJlZmZlY3RzIjp7InZpZGVvX2JveCI6Inl0ZWYtZ3JvdyIsImZsaXBfZWZmZWN0IjoiIn0sImdhbGxlcnlfaWQiOiI2YTlhN2ZhNDM5OTJkIiwibmV4dCI6IkVBQWFIbEJVT2tOQmIybEZSRmw1VGpCR1JFMXFhM2RSZWxVMFVXcHJlVTB3V1EiLCJwcmV2IjoiIn0=\"\n\t\t\tdata-player=\"popup\"\n\t\t\tdata-showdesc=\"off\" >\n\t\t\t\t<div>\n\t\t\t\t\t<div class=\"yotu-videos yotu-mode-grid yotu-column-5 yotu-player-mode-popup\">\n\t<ul>\n\t\t\t\t\t<li class=\" yotu-first\">\n\t\t\t\t\t\t\t\t<a href=\"#fh9KnUqDBOg\" class=\"yotu-video ytef-grow\" data-videoid=\"fh9KnUqDBOg\" data-title=\"CCJ Avan\u00e7a 36 Projetos sobre Sa\u00fade, Seguran\u00e7a e Inclus\u00e3o no Calend\u00e1rio de SP\" title=\"CCJ Avan\u00e7a 36 Projetos sobre Sa\u00fade, Seguran\u00e7a e Inclus\u00e3o no Calend\u00e1rio de SP\">\n\t\t\t\t\t<div class=\"yotu-video-thumb-wrp\">\n\t\t\t\t\t\t<div>\n\t\t\t\t\t\t\t\t\t\t\t\t\t\t<img decoding=\"async\" class=\"yotu-video-thumb\" src=\"https:\/\/i.ytimg.com\/vi\/fh9KnUqDBOg\/sddefault.jpg\" alt=\"CCJ Avan\u00e7a 36 Projetos sobre Sa\u00fade, Seguran\u00e7a e Inclus\u00e3o no Calend\u00e1rio de SP\">\t\n\t\t\t\t\t\t\t\t\t\t\t\t\t<\/div>\n\t\t\t\t\t<\/div>\n\t\t\t\t\t\t\t\t\t\t\t\t\t\t\t\t\t\t\t<\/a>\n\t\t\t\t\t\t\t<\/li>\n\t\t\t\t\n\t\t\t\t\t\t<li class=\"\">\n\t\t\t\t\t\t\t\t<a href=\"#66wqCVzwtcY\" class=\"yotu-video ytef-grow\" data-videoid=\"66wqCVzwtcY\" data-title=\"Comiss\u00e3o de Educa\u00e7\u00e3o e Cultura Avalia Pauta com 14 Projetos de Lei e Requerimentos\" title=\"Comiss\u00e3o de Educa\u00e7\u00e3o e Cultura Avalia Pauta com 14 Projetos de Lei e Requerimentos\">\n\t\t\t\t\t<div class=\"yotu-video-thumb-wrp\">\n\t\t\t\t\t\t<div>\n\t\t\t\t\t\t\t\t\t\t\t\t\t\t<img decoding=\"async\" class=\"yotu-video-thumb\" src=\"https:\/\/i.ytimg.com\/vi\/66wqCVzwtcY\/sddefault.jpg\" alt=\"Comiss\u00e3o de Educa\u00e7\u00e3o e Cultura Avalia Pauta com 14 Projetos de Lei e Requerimentos\">\t\n\t\t\t\t\t\t\t\t\t\t\t\t\t<\/div>\n\t\t\t\t\t<\/div>\n\t\t\t\t\t\t\t\t\t\t\t\t\t\t\t\t\t\t\t<\/a>\n\t\t\t\t\t\t\t<\/li>\n\t\t\t\t\n\t\t\t\t\t\t<li class=\"\">\n\t\t\t\t\t\t\t\t<a href=\"#fSOIGHTv0dw\" class=\"yotu-video ytef-grow\" data-videoid=\"fSOIGHTv0dw\" data-title=\"Comiss\u00e3o de Tr\u00e2nsito Realiza Audi\u00eancia P\u00fablica sobre os Direitos da Pessoa Idosa\" title=\"Comiss\u00e3o de Tr\u00e2nsito Realiza Audi\u00eancia P\u00fablica sobre os Direitos da Pessoa Idosa\">\n\t\t\t\t\t<div class=\"yotu-video-thumb-wrp\">\n\t\t\t\t\t\t<div>\n\t\t\t\t\t\t\t\t\t\t\t\t\t\t<img decoding=\"async\" class=\"yotu-video-thumb\" src=\"https:\/\/i.ytimg.com\/vi\/fSOIGHTv0dw\/sddefault.jpg\" alt=\"Comiss\u00e3o de Tr\u00e2nsito Realiza Audi\u00eancia P\u00fablica sobre os Direitos da Pessoa Idosa\">\t\n\t\t\t\t\t\t\t\t\t\t\t\t\t<\/div>\n\t\t\t\t\t<\/div>\n\t\t\t\t\t\t\t\t\t\t\t\t\t\t\t\t\t\t\t<\/a>\n\t\t\t\t\t\t\t<\/li>\n\t\t\t\t\n\t\t\t\t\t\t<li class=\"\">\n\t\t\t\t\t\t\t\t<a href=\"#87AhDjo-RxA\" class=\"yotu-video ytef-grow\" data-videoid=\"87AhDjo-RxA\" data-title=\"Comiss\u00e3o de Tr\u00e2nsito e Transporte Discute Requerimentos na C\u00e2mara de S\u00e3o Paulo\" title=\"Comiss\u00e3o de Tr\u00e2nsito e Transporte Discute Requerimentos na C\u00e2mara de S\u00e3o Paulo\">\n\t\t\t\t\t<div class=\"yotu-video-thumb-wrp\">\n\t\t\t\t\t\t<div>\n\t\t\t\t\t\t\t\t\t\t\t\t\t\t<img decoding=\"async\" class=\"yotu-video-thumb\" src=\"https:\/\/i.ytimg.com\/vi\/87AhDjo-RxA\/sddefault.jpg\" alt=\"Comiss\u00e3o de Tr\u00e2nsito e Transporte Discute Requerimentos na C\u00e2mara de S\u00e3o Paulo\">\t\n\t\t\t\t\t\t\t\t\t\t\t\t\t<\/div>\n\t\t\t\t\t<\/div>\n\t\t\t\t\t\t\t\t\t\t\t\t\t\t\t\t\t\t\t<\/a>\n\t\t\t\t\t\t\t<\/li>\n\t\t\t\t\n\t\t\t\t\t\t<li class=\"\">\n\t\t\t\t\t\t\t\t<a href=\"#EDhc6S_lfKY\" class=\"yotu-video ytef-grow\" data-videoid=\"EDhc6S_lfKY\" data-title=\"Comiss\u00e3o de Sa\u00fade Aprova PL que Pro\u00edbe Grampos Met\u00e1licos em Embalagens de Alimentos\" title=\"Comiss\u00e3o de Sa\u00fade Aprova PL que Pro\u00edbe Grampos Met\u00e1licos em Embalagens de Alimentos\">\n\t\t\t\t\t<div class=\"yotu-video-thumb-wrp\">\n\t\t\t\t\t\t<div>\n\t\t\t\t\t\t\t\t\t\t\t\t\t\t<img decoding=\"async\" class=\"yotu-video-thumb\" src=\"https:\/\/i.ytimg.com\/vi\/EDhc6S_lfKY\/sddefault.jpg\" alt=\"Comiss\u00e3o de Sa\u00fade Aprova PL que Pro\u00edbe Grampos Met\u00e1licos em Embalagens de Alimentos\">\t\n\t\t\t\t\t\t\t\t\t\t\t\t\t<\/div>\n\t\t\t\t\t<\/div>\n\t\t\t\t\t\t\t\t\t\t\t\t\t\t\t\t\t\t\t<\/a>\n\t\t\t\t\t\t\t<\/li>\n\t\t\t\t\n\t\t\t\t\t\t<li class=\"\">\n\t\t\t\t\t\t\t\t<a href=\"#_J8_WR4W1Mk\" class=\"yotu-video ytef-grow\" data-videoid=\"_J8_WR4W1Mk\" data-title=\"C\u00e2mara de SP Aprova PL do Meio Ambiente e Valoriza\u00e7\u00e3o do Quadro de Gest\u00e3o Administrativa\" title=\"C\u00e2mara de SP Aprova PL do Meio Ambiente e Valoriza\u00e7\u00e3o do Quadro de Gest\u00e3o Administrativa\">\n\t\t\t\t\t<div class=\"yotu-video-thumb-wrp\">\n\t\t\t\t\t\t<div>\n\t\t\t\t\t\t\t\t\t\t\t\t\t\t<img decoding=\"async\" class=\"yotu-video-thumb\" src=\"https:\/\/i.ytimg.com\/vi\/_J8_WR4W1Mk\/sddefault.jpg\" alt=\"C\u00e2mara de SP Aprova PL do Meio Ambiente e Valoriza\u00e7\u00e3o do Quadro de Gest\u00e3o Administrativa\">\t\n\t\t\t\t\t\t\t\t\t\t\t\t\t<\/div>\n\t\t\t\t\t<\/div>\n\t\t\t\t\t\t\t\t\t\t\t\t\t\t\t\t\t\t\t<\/a>\n\t\t\t\t\t\t\t<\/li>\n\t\t\t\t\n\t\t\t\t\t\t<li class=\"\">\n\t\t\t\t\t\t\t\t<a href=\"#knKjNyohEeU\" class=\"yotu-video ytef-grow\" data-videoid=\"knKjNyohEeU\" data-title=\"CPI dos Devedores Ouve Bancos e Inicia For\u00e7a-Tarefa para Intimar Contribuintes em SP\" title=\"CPI dos Devedores Ouve Bancos e Inicia For\u00e7a-Tarefa para Intimar Contribuintes em SP\">\n\t\t\t\t\t<div class=\"yotu-video-thumb-wrp\">\n\t\t\t\t\t\t<div>\n\t\t\t\t\t\t\t\t\t\t\t\t\t\t<img decoding=\"async\" class=\"yotu-video-thumb\" src=\"https:\/\/i.ytimg.com\/vi\/knKjNyohEeU\/sddefault.jpg\" alt=\"CPI dos Devedores Ouve Bancos e Inicia For\u00e7a-Tarefa para Intimar Contribuintes em SP\">\t\n\t\t\t\t\t\t\t\t\t\t\t\t\t<\/div>\n\t\t\t\t\t<\/div>\n\t\t\t\t\t\t\t\t\t\t\t\t\t\t\t\t\t\t\t<\/a>\n\t\t\t\t\t\t\t<\/li>\n\t\t\t\t\n\t\t\t\t\t\t<li class=\"\">\n\t\t\t\t\t\t\t\t<a href=\"#j_NhP8BOA0U\" class=\"yotu-video ytef-grow\" data-videoid=\"j_NhP8BOA0U\" data-title=\"Agenda da C\u00e2mara | 03\/09\/2026\" title=\"Agenda da C\u00e2mara | 03\/09\/2026\">\n\t\t\t\t\t<div class=\"yotu-video-thumb-wrp\">\n\t\t\t\t\t\t<div>\n\t\t\t\t\t\t\t\t\t\t\t\t\t\t<img decoding=\"async\" class=\"yotu-video-thumb\" src=\"https:\/\/i.ytimg.com\/vi\/j_NhP8BOA0U\/sddefault.jpg\" alt=\"Agenda da C\u00e2mara | 03\/09\/2026\">\t\n\t\t\t\t\t\t\t\t\t\t\t\t\t<\/div>\n\t\t\t\t\t<\/div>\n\t\t\t\t\t\t\t\t\t\t\t\t\t\t\t\t\t\t\t<\/a>\n\t\t\t\t\t\t\t<\/li>\n\t\t\t\t\n\t\t\t\t\t\t<li class=\"\">\n\t\t\t\t\t\t\t\t<a href=\"#zpmDuAEEmmI\" class=\"yotu-video ytef-grow\" data-videoid=\"zpmDuAEEmmI\" data-title=\"C\u00e2mara sedia 13\u00aa edi\u00e7\u00e3o do F\u00f3rum Juventude Contra as Drogas\" title=\"C\u00e2mara sedia 13\u00aa edi\u00e7\u00e3o do F\u00f3rum Juventude Contra as Drogas\">\n\t\t\t\t\t<div class=\"yotu-video-thumb-wrp\">\n\t\t\t\t\t\t<div>\n\t\t\t\t\t\t\t\t\t\t\t\t\t\t<img decoding=\"async\" class=\"yotu-video-thumb\" src=\"https:\/\/i.ytimg.com\/vi\/zpmDuAEEmmI\/sddefault.jpg\" alt=\"C\u00e2mara sedia 13\u00aa edi\u00e7\u00e3o do F\u00f3rum Juventude Contra as Drogas\">\t\n\t\t\t\t\t\t\t\t\t\t\t\t\t<\/div>\n\t\t\t\t\t<\/div>\n\t\t\t\t\t\t\t\t\t\t\t\t\t\t\t\t\t\t\t<\/a>\n\t\t\t\t\t\t\t<\/li>\n\t\t\t\t\n\t\t\t\t\t\t<li class=\" yotu-last\">\n\t\t\t\t\t\t\t\t<a href=\"#KR7HQliAHs0\" class=\"yotu-video ytef-grow\" data-videoid=\"KR7HQliAHs0\" data-title=\"Percival Maricato recebe T\u00edtulo de Cidad\u00e3o Paulistano\" title=\"Percival Maricato recebe T\u00edtulo de Cidad\u00e3o Paulistano\">\n\t\t\t\t\t<div class=\"yotu-video-thumb-wrp\">\n\t\t\t\t\t\t<div>\n\t\t\t\t\t\t\t\t\t\t\t\t\t\t<img decoding=\"async\" class=\"yotu-video-thumb\" src=\"https:\/\/i.ytimg.com\/vi\/KR7HQliAHs0\/sddefault.jpg\" alt=\"Percival Maricato recebe T\u00edtulo de Cidad\u00e3o Paulistano\">\t\n\t\t\t\t\t\t\t\t\t\t\t\t\t<\/div>\n\t\t\t\t\t<\/div>\n\t\t\t\t\t\t\t\t\t\t\t\t\t\t\t\t\t\t\t<\/a>\n\t\t\t\t\t\t\t<\/li>\n\t\t\t\t\n\t\t\t\t<\/ul>\n<\/div><div class=\"yotu-pagination\">\n\t<a href=\"#\" class=\"yotu-pagination-more yotu-button-prs yotu-button-prs-1\" data-page=\"more\">Load more<\/a>\n<\/div>\n\t\t\t\t<\/div>\n\t\t\t<\/div>\n\t\t\t<\/p>\t\t\t\t\t\t\t\t<\/div>\n\t\t\t\t<\/div>\n\t\t\t\t\t<\/div>\n\t\t<\/div>\n\t\t\t\t\t<\/div>\n\t\t<\/section>\n\t\t\t\t<\/div>\n\t\t","protected":false},"excerpt":{"rendered":"<p>Assista Offline Sala Tiradentes Esta sala, que tem capacidade para at\u00e9 71 pessoas, fica localizada no 8\u00ba andar do Pal\u00e1cio Anchieta, bem em frente ao gabinete da Presid\u00eancia da C\u00e2mara. Sobre a Sala Tiradentes S\u00e3o Paulo, 11 de maio de 2021 Sala Tiradentes &#8211; C\u00e2mara Municipal de S\u00e3o Paulo Foto: Jo\u00e3o Raposo\/Rede C\u00e2mara Em 1972,&#8230;  <a class=\"excerpt-read-more\" href=\"https:\/\/homolog.saopaulo.sp.leg.br\/redecamara\/auditorios\/tiradentes\/\" title=\"Leia Sala Tiradentes\">Leia Mais &raquo;<\/a><\/p>\n","protected":false},"author":916,"featured_media":0,"parent":1283,"menu_order":0,"comment_status":"closed","ping_status":"closed","template":"elementor_header_footer","meta":{"_acf_changed":false,"_mc_calendar":[],"footnotes":""},"class_list":["post-1360","page","type-page","status-publish","hentry"],"acf":[],"_links":{"self":[{"href":"https:\/\/homolog.saopaulo.sp.leg.br\/redecamara\/wp-json\/wp\/v2\/pages\/1360","targetHints":{"allow":["GET"]}}],"collection":[{"href":"https:\/\/homolog.saopaulo.sp.leg.br\/redecamara\/wp-json\/wp\/v2\/pages"}],"about":[{"href":"https:\/\/homolog.saopaulo.sp.leg.br\/redecamara\/wp-json\/wp\/v2\/types\/page"}],"author":[{"embeddable":true,"href":"https:\/\/homolog.saopaulo.sp.leg.br\/redecamara\/wp-json\/wp\/v2\/users\/916"}],"replies":[{"embeddable":true,"href":"https:\/\/homolog.saopaulo.sp.leg.br\/redecamara\/wp-json\/wp\/v2\/comments?post=1360"}],"version-history":[{"count":5,"href":"https:\/\/homolog.saopaulo.sp.leg.br\/redecamara\/wp-json\/wp\/v2\/pages\/1360\/revisions"}],"predecessor-version":[{"id":3527,"href":"https:\/\/homolog.saopaulo.sp.leg.br\/redecamara\/wp-json\/wp\/v2\/pages\/1360\/revisions\/3527"}],"up":[{"embeddable":true,"href":"https:\/\/homolog.saopaulo.sp.leg.br\/redecamara\/wp-json\/wp\/v2\/pages\/1283"}],"wp:attachment":[{"href":"https:\/\/homolog.saopaulo.sp.leg.br\/redecamara\/wp-json\/wp\/v2\/media?parent=1360"}],"curies":[{"name":"wp","href":"https:\/\/api.w.org\/{rel}","templated":true}]}}